{"id":4470,"date":"2024-02-09T12:08:26","date_gmt":"2024-02-09T11:08:26","guid":{"rendered":"https:\/\/dlb-aoer.de\/neu-isenburg\/?page_id=4470"},"modified":"2024-03-21T10:53:06","modified_gmt":"2024-03-21T09:53:06","slug":"natur-und-artenschutz","status":"publish","type":"page","link":"https:\/\/dlb-aoer.de\/neu-isenburg\/gruen-spiel-sport\/baeume\/natur-und-artenschutz\/","title":{"rendered":"Natur- und Artenschutz"},"content":{"rendered":"\t\t<div data-elementor-type=\"wp-post\" data-elementor-id=\"4470\" class=\"elementor elementor-4470\">\n\t\t\t\t\t\t\t\t\t<section class=\"elementor-section elementor-top-section elementor-element elementor-element-6bd2620 elementor-section-stretched elementor-section-boxed elementor-section-height-default elementor-section-height-default\" data-id=\"6bd2620\" data-element_type=\"section\" data-settings=\"{&quot;stretch_section&quot;:&quot;section-stretched&quot;}\">\n\t\t\t\t\t\t<div class=\"elementor-container elementor-column-gap-default\">\n\t\t\t\t\t<div class=\"elementor-column elementor-col-100 elementor-top-column elementor-element elementor-element-0f1c16d\" data-id=\"0f1c16d\" data-element_type=\"column\">\n\t\t\t<div class=\"elementor-widget-wrap elementor-element-populated\">\n\t\t\t\t\t\t\t\t<section class=\"elementor-section elementor-inner-section elementor-element elementor-element-7accea3 border-plus-margin elementor-section-boxed elementor-section-height-default elementor-section-height-default\" data-id=\"7accea3\" data-element_type=\"section\">\n\t\t\t\t\t\t<div class=\"elementor-container elementor-column-gap-default\">\n\t\t\t\t\t<div class=\"elementor-column elementor-col-50 elementor-inner-column elementor-element elementor-element-7330db2\" data-id=\"7330db2\" data-element_type=\"column\">\n\t\t\t<div class=\"elementor-widget-wrap elementor-element-populated\">\n\t\t\t\t\t\t\t\t<div class=\"elementor-element elementor-element-fe8389e elementor-widget elementor-widget-image\" data-id=\"fe8389e\" data-element_type=\"widget\" data-widget_type=\"image.default\">\n\t\t\t\t<div class=\"elementor-widget-container\">\n\t\t\t\t\t\t\t\t\t\t\t\t\t\t\t<img loading=\"lazy\" decoding=\"async\" width=\"1024\" height=\"387\" src=\"https:\/\/dlb-aoer.de\/neu-isenburg\/wp-content\/uploads\/sites\/2\/2024\/02\/Natur-und-Artenschutz-DR-1024x387.jpg\" class=\"attachment-large size-large wp-image-4475\" alt=\"\" srcset=\"https:\/\/dlb-aoer.de\/neu-isenburg\/wp-content\/uploads\/sites\/2\/2024\/02\/Natur-und-Artenschutz-DR-1024x387.jpg 1024w, https:\/\/dlb-aoer.de\/neu-isenburg\/wp-content\/uploads\/sites\/2\/2024\/02\/Natur-und-Artenschutz-DR-300x113.jpg 300w, https:\/\/dlb-aoer.de\/neu-isenburg\/wp-content\/uploads\/sites\/2\/2024\/02\/Natur-und-Artenschutz-DR-768x290.jpg 768w, https:\/\/dlb-aoer.de\/neu-isenburg\/wp-content\/uploads\/sites\/2\/2024\/02\/Natur-und-Artenschutz-DR-1536x580.jpg 1536w, https:\/\/dlb-aoer.de\/neu-isenburg\/wp-content\/uploads\/sites\/2\/2024\/02\/Natur-und-Artenschutz-DR-2048x774.jpg 2048w, https:\/\/dlb-aoer.de\/neu-isenburg\/wp-content\/uploads\/sites\/2\/2024\/02\/Natur-und-Artenschutz-DR-1000x378.jpg 1000w, https:\/\/dlb-aoer.de\/neu-isenburg\/wp-content\/uploads\/sites\/2\/2024\/02\/Natur-und-Artenschutz-DR-230x87.jpg 230w, https:\/\/dlb-aoer.de\/neu-isenburg\/wp-content\/uploads\/sites\/2\/2024\/02\/Natur-und-Artenschutz-DR-350x132.jpg 350w, https:\/\/dlb-aoer.de\/neu-isenburg\/wp-content\/uploads\/sites\/2\/2024\/02\/Natur-und-Artenschutz-DR-480x181.jpg 480w\" sizes=\"auto, (max-width: 1024px) 100vw, 1024px\" \/>\t\t\t\t\t\t\t\t\t\t\t\t\t\t\t<\/div>\n\t\t\t\t<\/div>\n\t\t\t\t\t<\/div>\n\t\t<\/div>\n\t\t\t\t<div class=\"elementor-column elementor-col-50 elementor-inner-column elementor-element elementor-element-9b33da2\" data-id=\"9b33da2\" data-element_type=\"column\">\n\t\t\t<div class=\"elementor-widget-wrap elementor-element-populated\">\n\t\t\t\t\t\t\t\t<div class=\"elementor-element elementor-element-dc49655 elementor-widget elementor-widget-text-editor\" data-id=\"dc49655\" data-element_type=\"widget\" data-widget_type=\"text-editor.default\">\n\t\t\t\t<div class=\"elementor-widget-container\">\n\t\t\t\t\t\t\t<p><strong>Ansprechpartner:<\/strong><\/p><p>Donald Baum<br \/>Tel. 06102-3702-353<\/p><p><a href=\"mailto:gruen-spiel-sport@dlb-aoer.de\"><img loading=\"lazy\" decoding=\"async\" class=\"alignnone wp-image-2828\" src=\"https:\/\/dlb-aoer.de\/dreieich\/wp-content\/uploads\/sites\/4\/2022\/08\/Email3.png\" alt=\"E-Mail schreiben\" width=\"45\" height=\"37\" \/><\/a><\/p>\t\t\t\t\t\t<\/div>\n\t\t\t\t<\/div>\n\t\t\t\t\t<\/div>\n\t\t<\/div>\n\t\t\t\t\t\t\t<\/div>\n\t\t<\/section>\n\t\t\t\t<section class=\"elementor-section elementor-inner-section elementor-element elementor-element-16030f6 border-plus-margin elementor-section-boxed elementor-section-height-default elementor-section-height-default\" data-id=\"16030f6\" data-element_type=\"section\">\n\t\t\t\t\t\t<div class=\"elementor-container elementor-column-gap-default\">\n\t\t\t\t\t<div class=\"elementor-column elementor-col-100 elementor-inner-column elementor-element elementor-element-780e11d\" data-id=\"780e11d\" data-element_type=\"column\">\n\t\t\t<div class=\"elementor-widget-wrap elementor-element-populated\">\n\t\t\t\t\t\t\t\t<div class=\"elementor-element elementor-element-ac04031 elementor-widget elementor-widget-heading\" data-id=\"ac04031\" data-element_type=\"widget\" data-widget_type=\"heading.default\">\n\t\t\t\t<div class=\"elementor-widget-container\">\n\t\t\t<h2 class=\"elementor-heading-title elementor-size-default\">Habitatbaum<\/h2>\t\t<\/div>\n\t\t\t\t<\/div>\n\t\t\t\t<div class=\"elementor-element elementor-element-9eabf12 elementor-widget elementor-widget-text-editor\" data-id=\"9eabf12\" data-element_type=\"widget\" data-widget_type=\"text-editor.default\">\n\t\t\t\t<div class=\"elementor-widget-container\">\n\t\t\t\t\t\t\t<p><strong>Ein Baum mit hoher Bedeutung f\u00fcr die lokale Artenvielfalt<\/strong><\/p><p>Als Biotop- oder Habitatbaum werden B\u00e4ume bezeichnet, die besondere Lebensr\u00e4ume (Biotope, Habitate) f\u00fcr andere Lebewesen anbieten. Hierbei handelt es sich in der Regel um sehr alte, zum Teil auch bereits absterbende oder tote B\u00e4ume.<\/p>\t\t\t\t\t\t<\/div>\n\t\t\t\t<\/div>\n\t\t\t\t<div class=\"elementor-element elementor-element-51287cb elementor-widget elementor-widget-toggle\" data-id=\"51287cb\" data-element_type=\"widget\" data-widget_type=\"toggle.default\">\n\t\t\t\t<div class=\"elementor-widget-container\">\n\t\t\t\t\t<div class=\"elementor-toggle\">\n\t\t\t\t\t\t\t<div class=\"elementor-toggle-item\">\n\t\t\t\t\t<div id=\"elementor-tab-title-8511\" class=\"elementor-tab-title\" data-tab=\"1\" role=\"button\" aria-controls=\"elementor-tab-content-8511\" aria-expanded=\"false\">\n\t\t\t\t\t\t\t\t\t\t\t\t<span class=\"elementor-toggle-icon elementor-toggle-icon-left\" aria-hidden=\"true\">\n\t\t\t\t\t\t\t\t\t\t\t\t\t\t\t<span class=\"elementor-toggle-icon-closed\"><i class=\"fas fa-caret-right\"><\/i><\/span>\n\t\t\t\t\t\t\t\t<span class=\"elementor-toggle-icon-opened\"><i class=\"elementor-toggle-icon-opened fas fa-caret-up\"><\/i><\/span>\n\t\t\t\t\t\t\t\t\t\t\t\t\t<\/span>\n\t\t\t\t\t\t\t\t\t\t\t\t<a class=\"elementor-toggle-title\" tabindex=\"0\">Mehr zu Habitatb\u00e4umen erfahren<\/a>\n\t\t\t\t\t<\/div>\n\n\t\t\t\t\t<div id=\"elementor-tab-content-8511\" class=\"elementor-tab-content elementor-clearfix\" data-tab=\"1\" role=\"region\" aria-labelledby=\"elementor-tab-title-8511\"><p>Insbesondere B\u00e4ume mit H\u00f6hlungen oder mit Horsten baumbr\u00fctender Vogelarten z\u00e4hlen dazu. Aber auch B\u00e4ume mit besonderen Wuchsformen, mit gr\u00f6\u00dferen Stamm- und Rindenverletzungen oder mit hohem Totholzanteil bieten vielen Tieren, Pflanzen oder Mikroorganismen einen Lebensraum.<\/p><p>Biotopb\u00e4ume mit ihren spezifischen Kleinbiotopen stellen Schl\u00fcsselelemente f\u00fcr die Artenvielfalt von G\u00e4rten, Gr\u00fcnanlagen, Parks und W\u00e4ldern dar. Aus diesem Grund sind sie besonders sch\u00fctzenswert.<\/p><p>H\u00e4ufig handelt es sich hierbei um B\u00e4ume, die auf Grund ihrer Sch\u00e4den oder Wuchsdeformationen den Anforderungen an die Verkehrssicherungspflicht in der Stadt nicht mehr gen\u00fcgen und deshalb gef\u00e4llt werden m\u00fcssen. Aus diesem Grund sind ausgepr\u00e4gte Biotopb\u00e4ume in unseren St\u00e4dten immer seltener anzutreffen. Durch die sich nach 2018 ver\u00e4nderten Klimabedingungen hat sich die Situation nochmals versch\u00e4rft und es sterben mehr alte B\u00e4ume in unseren St\u00e4dten ab als vorher und es gehen somit noch mehr Lebensr\u00e4ume alter B\u00e4ume verloren. Durch die F\u00e4llung und Entsorgung von Habitatb\u00e4umen entf\u00e4llt aber die nat\u00fcrliche Alters- und Zerfallsphase, die f\u00fcr viele Tierarten lebensnotwendig ist.<\/p><p>Aus Sicht des Naturschutzes muss deshalb dem Mangel an Biotopb\u00e4umen nicht nur im Wald sondern auch gerade in unseren St\u00e4dten entgegengewirkt werden. Die Sicherung, Belassung und der Schutz solcher wertvollen B\u00e4ume ist eine wichtige Aufgabe des \u00f6kologischen Baummanagements geworden.<\/p><p>Daher sind Habitatb\u00e4ume im urbanen Raum wichtiger denn je. Die Erhaltung dieser B\u00e4ume ist ein wichtiger Beitrag f\u00fcr die Biodiversit\u00e4t in unserer Stadt!<\/p><\/div>\n\t\t\t\t<\/div>\n\t\t\t\t\t\t\t\t<\/div>\n\t\t\t\t<\/div>\n\t\t\t\t<\/div>\n\t\t\t\t\t<\/div>\n\t\t<\/div>\n\t\t\t\t\t\t\t<\/div>\n\t\t<\/section>\n\t\t\t\t<section class=\"elementor-section elementor-inner-section elementor-element elementor-element-33ded86 border-plus-margin elementor-section-boxed elementor-section-height-default elementor-section-height-default\" data-id=\"33ded86\" data-element_type=\"section\">\n\t\t\t\t\t\t<div class=\"elementor-container elementor-column-gap-default\">\n\t\t\t\t\t<div class=\"elementor-column elementor-col-100 elementor-inner-column elementor-element elementor-element-6fa2ec0\" data-id=\"6fa2ec0\" data-element_type=\"column\">\n\t\t\t<div class=\"elementor-widget-wrap elementor-element-populated\">\n\t\t\t\t\t\t\t\t<div class=\"elementor-element elementor-element-01dc650 elementor-widget elementor-widget-heading\" data-id=\"01dc650\" data-element_type=\"widget\" data-widget_type=\"heading.default\">\n\t\t\t\t<div class=\"elementor-widget-container\">\n\t\t\t<h2 class=\"elementor-heading-title elementor-size-default\">Kennzeichnung von besonderen Habitatb\u00e4umen<\/h2>\t\t<\/div>\n\t\t\t\t<\/div>\n\t\t\t\t<section class=\"elementor-section elementor-inner-section elementor-element elementor-element-81e8027 elementor-section-boxed elementor-section-height-default elementor-section-height-default\" data-id=\"81e8027\" data-element_type=\"section\">\n\t\t\t\t\t\t<div class=\"elementor-container elementor-column-gap-default\">\n\t\t\t\t\t<div class=\"elementor-column elementor-col-50 elementor-inner-column elementor-element elementor-element-d6375b3\" data-id=\"d6375b3\" data-element_type=\"column\">\n\t\t\t<div class=\"elementor-widget-wrap elementor-element-populated\">\n\t\t\t\t\t\t\t\t<div class=\"elementor-element elementor-element-f5670b5 elementor-widget elementor-widget-text-editor\" data-id=\"f5670b5\" data-element_type=\"widget\" data-widget_type=\"text-editor.default\">\n\t\t\t\t<div class=\"elementor-widget-container\">\n\t\t\t\t\t\t\t<p>Um auf die besondere Bedeutung von Habitatb\u00e4umen hinzuweisen wurden im Stadtgebiet beispielhaft 10 Habitatb\u00e4ume mit Habitatbaum-Schildern versehen. Diese enthalten einen einen QR-Code mit Verweis auf diese Seiten. Hier gibt es f\u00fcr die einzelnen Habitatb\u00e4ume Kurzbeschreibungen.<\/p>\t\t\t\t\t\t<\/div>\n\t\t\t\t<\/div>\n\t\t\t\t\t<\/div>\n\t\t<\/div>\n\t\t\t\t<div class=\"elementor-column elementor-col-50 elementor-inner-column elementor-element elementor-element-1c1df46\" data-id=\"1c1df46\" data-element_type=\"column\">\n\t\t\t<div class=\"elementor-widget-wrap elementor-element-populated\">\n\t\t\t\t\t\t\t\t<div class=\"elementor-element elementor-element-bb00d9f elementor-widget elementor-widget-image\" data-id=\"bb00d9f\" data-element_type=\"widget\" data-widget_type=\"image.default\">\n\t\t\t\t<div class=\"elementor-widget-container\">\n\t\t\t\t\t\t\t\t\t\t\t\t\t\t\t\t<a href=\"https:\/\/dlb-aoer.de\/neu-isenburg\/wp-content\/uploads\/sites\/2\/2024\/03\/Habitatbaum-Schild-NI.jpg\" data-elementor-open-lightbox=\"yes\" data-elementor-lightbox-title=\"Habitatbaum Schild NI\" data-e-action-hash=\"#elementor-action%3Aaction%3Dlightbox%26settings%3DeyJpZCI6NDYxMiwidXJsIjoiaHR0cHM6XC9cL2RsYi1hb2VyLmRlXC9uZXUtaXNlbmJ1cmdcL3dwLWNvbnRlbnRcL3VwbG9hZHNcL3NpdGVzXC8yXC8yMDI0XC8wM1wvSGFiaXRhdGJhdW0tU2NoaWxkLU5JLmpwZyJ9\">\n\t\t\t\t\t\t\t<img loading=\"lazy\" decoding=\"async\" width=\"150\" height=\"150\" src=\"https:\/\/dlb-aoer.de\/neu-isenburg\/wp-content\/uploads\/sites\/2\/2024\/03\/Habitatbaum-Schild-NI-150x150.jpg\" class=\"attachment-thumbnail size-thumbnail wp-image-4612\" alt=\"\" \/>\t\t\t\t\t\t\t\t<\/a>\n\t\t\t\t\t\t\t\t\t\t\t\t\t\t\t<\/div>\n\t\t\t\t<\/div>\n\t\t\t\t\t<\/div>\n\t\t<\/div>\n\t\t\t\t\t\t\t<\/div>\n\t\t<\/section>\n\t\t\t\t<section class=\"elementor-section elementor-inner-section elementor-element elementor-element-972da0f elementor-section-boxed elementor-section-height-default elementor-section-height-default\" data-id=\"972da0f\" data-element_type=\"section\">\n\t\t\t\t\t\t<div class=\"elementor-container elementor-column-gap-default\">\n\t\t\t\t\t<div class=\"elementor-column elementor-col-25 elementor-inner-column elementor-element elementor-element-3ed9066\" data-id=\"3ed9066\" data-element_type=\"column\">\n\t\t\t<div class=\"elementor-widget-wrap elementor-element-populated\">\n\t\t\t\t\t\t\t\t<div class=\"elementor-element elementor-element-8c0b8d4 elementor-widget elementor-widget-image\" data-id=\"8c0b8d4\" data-element_type=\"widget\" data-widget_type=\"image.default\">\n\t\t\t\t<div class=\"elementor-widget-container\">\n\t\t\t\t\t\t\t\t\t\t\t\t\t\t\t<img decoding=\"async\" src=\"https:\/\/dlb-aoer.de\/neu-isenburg\/wp-content\/uploads\/sites\/2\/elementor\/thumbs\/Sportpark-Baum-Nr.-176-Buche-scaled-qlj2ctae5jokpazsw1s4tcdz3xls8cvn30s0qlrl20.jpg\" title=\"Sportpark Baum Nr. 176 Buche\" alt=\"Sportpark Baum Nr. 176 Buche\" loading=\"lazy\" \/>\t\t\t\t\t\t\t\t\t\t\t\t\t\t\t<\/div>\n\t\t\t\t<\/div>\n\t\t\t\t<div class=\"elementor-element elementor-element-42d16c1 elementor-widget elementor-widget-toggle\" data-id=\"42d16c1\" data-element_type=\"widget\" data-widget_type=\"toggle.default\">\n\t\t\t\t<div class=\"elementor-widget-container\">\n\t\t\t\t\t<div class=\"elementor-toggle\">\n\t\t\t\t\t\t\t<div class=\"elementor-toggle-item\">\n\t\t\t\t\t<div id=\"elementor-tab-title-7001\" class=\"elementor-tab-title\" data-tab=\"1\" role=\"button\" aria-controls=\"elementor-tab-content-7001\" aria-expanded=\"false\">\n\t\t\t\t\t\t\t\t\t\t\t\t<span class=\"elementor-toggle-icon elementor-toggle-icon-left\" aria-hidden=\"true\">\n\t\t\t\t\t\t\t\t\t\t\t\t\t\t\t<span class=\"elementor-toggle-icon-closed\"><i class=\"fas fa-caret-right\"><\/i><\/span>\n\t\t\t\t\t\t\t\t<span class=\"elementor-toggle-icon-opened\"><i class=\"elementor-toggle-icon-opened fas fa-caret-up\"><\/i><\/span>\n\t\t\t\t\t\t\t\t\t\t\t\t\t<\/span>\n\t\t\t\t\t\t\t\t\t\t\t\t<a class=\"elementor-toggle-title\" tabindex=\"0\">Sportpark Baum Nr. 176 - Buche<\/a>\n\t\t\t\t\t<\/div>\n\n\t\t\t\t\t<div id=\"elementor-tab-content-7001\" class=\"elementor-tab-content elementor-clearfix\" data-tab=\"1\" role=\"region\" aria-labelledby=\"elementor-tab-title-7001\"><p>Reststamm nach F\u00e4llung einer absterbenden Buche in 2021. Rindentaschen und Bohrl\u00f6cher am Stamm. Spechtloch in 5m H\u00f6he, geeignetes Habitat f\u00fcr H\u00f6hlenbr\u00fcter und Flederm\u00e4use.<\/p><\/div>\n\t\t\t\t<\/div>\n\t\t\t\t\t\t\t\t<\/div>\n\t\t\t\t<\/div>\n\t\t\t\t<\/div>\n\t\t\t\t\t<\/div>\n\t\t<\/div>\n\t\t\t\t<div class=\"elementor-column elementor-col-25 elementor-inner-column elementor-element elementor-element-a45a3bc\" data-id=\"a45a3bc\" data-element_type=\"column\">\n\t\t\t<div class=\"elementor-widget-wrap elementor-element-populated\">\n\t\t\t\t\t\t\t\t<div class=\"elementor-element elementor-element-958e366 elementor-widget elementor-widget-image\" data-id=\"958e366\" data-element_type=\"widget\" data-widget_type=\"image.default\">\n\t\t\t\t<div class=\"elementor-widget-container\">\n\t\t\t\t\t\t\t\t\t\t\t\t\t\t\t<img decoding=\"async\" src=\"https:\/\/dlb-aoer.de\/neu-isenburg\/wp-content\/uploads\/sites\/2\/elementor\/thumbs\/Friedensallee-Baum-Nr.-38-Platane-scaled-qlj2buid4ocyrqebj4qxr35x4od7bk1km8n1zd75g8.jpg\" title=\"Friedensallee Baum Nr. 38 Platane\" alt=\"Friedensallee Baum Nr. 38 Platane\" loading=\"lazy\" \/>\t\t\t\t\t\t\t\t\t\t\t\t\t\t\t<\/div>\n\t\t\t\t<\/div>\n\t\t\t\t<div class=\"elementor-element elementor-element-dbee8d0 elementor-widget elementor-widget-toggle\" data-id=\"dbee8d0\" data-element_type=\"widget\" data-widget_type=\"toggle.default\">\n\t\t\t\t<div class=\"elementor-widget-container\">\n\t\t\t\t\t<div class=\"elementor-toggle\">\n\t\t\t\t\t\t\t<div class=\"elementor-toggle-item\">\n\t\t\t\t\t<div id=\"elementor-tab-title-2301\" class=\"elementor-tab-title\" data-tab=\"1\" role=\"button\" aria-controls=\"elementor-tab-content-2301\" aria-expanded=\"false\">\n\t\t\t\t\t\t\t\t\t\t\t\t<span class=\"elementor-toggle-icon elementor-toggle-icon-left\" aria-hidden=\"true\">\n\t\t\t\t\t\t\t\t\t\t\t\t\t\t\t<span class=\"elementor-toggle-icon-closed\"><i class=\"fas fa-caret-right\"><\/i><\/span>\n\t\t\t\t\t\t\t\t<span class=\"elementor-toggle-icon-opened\"><i class=\"elementor-toggle-icon-opened fas fa-caret-up\"><\/i><\/span>\n\t\t\t\t\t\t\t\t\t\t\t\t\t<\/span>\n\t\t\t\t\t\t\t\t\t\t\t\t<a class=\"elementor-toggle-title\" tabindex=\"0\">Friedensallee Baum Nr. 38 - Platane<\/a>\n\t\t\t\t\t<\/div>\n\n\t\t\t\t\t<div id=\"elementor-tab-content-2301\" class=\"elementor-tab-content elementor-clearfix\" data-tab=\"1\" role=\"region\" aria-labelledby=\"elementor-tab-title-2301\"><p>Platane mit H\u00f6hlung. Sie dienen h\u00e4ufig Flederm\u00e4usen als Rast- und Ruhepl\u00e4tze, k\u00f6nnen aber auch von anderen kleinen und gro\u00dfen S\u00e4ugetieren, Echsen, Amphibien und V\u00f6geln bewohnt werden.<\/p><\/div>\n\t\t\t\t<\/div>\n\t\t\t\t\t\t\t\t<\/div>\n\t\t\t\t<\/div>\n\t\t\t\t<\/div>\n\t\t\t\t\t<\/div>\n\t\t<\/div>\n\t\t\t\t<div class=\"elementor-column elementor-col-25 elementor-inner-column elementor-element elementor-element-f0a652f\" data-id=\"f0a652f\" data-element_type=\"column\">\n\t\t\t<div class=\"elementor-widget-wrap elementor-element-populated\">\n\t\t\t\t\t\t\t\t<div class=\"elementor-element elementor-element-07d405e elementor-widget elementor-widget-image\" data-id=\"07d405e\" data-element_type=\"widget\" data-widget_type=\"image.default\">\n\t\t\t\t<div class=\"elementor-widget-container\">\n\t\t\t\t\t\t\t\t\t\t\t\t\t\t\t<img decoding=\"async\" src=\"https:\/\/dlb-aoer.de\/neu-isenburg\/wp-content\/uploads\/sites\/2\/elementor\/thumbs\/Ludwigstrasse-Baum-Nr.-3456-Platanen-scaled-qlj2cmpitpfkg19cygxqtw1qy8i7qh5iq47mdo1c9k.jpg\" title=\"Ludwigstra\u00dfe Baum Nr. 3,4,5,6 Platanen\" alt=\"Ludwigstra\u00dfe Baum Nr. 3,4,5,6 Platanen\" loading=\"lazy\" \/>\t\t\t\t\t\t\t\t\t\t\t\t\t\t\t<\/div>\n\t\t\t\t<\/div>\n\t\t\t\t<div class=\"elementor-element elementor-element-6304c43 elementor-widget elementor-widget-toggle\" data-id=\"6304c43\" data-element_type=\"widget\" data-widget_type=\"toggle.default\">\n\t\t\t\t<div class=\"elementor-widget-container\">\n\t\t\t\t\t<div class=\"elementor-toggle\">\n\t\t\t\t\t\t\t<div class=\"elementor-toggle-item\">\n\t\t\t\t\t<div id=\"elementor-tab-title-1031\" class=\"elementor-tab-title\" data-tab=\"1\" role=\"button\" aria-controls=\"elementor-tab-content-1031\" aria-expanded=\"false\">\n\t\t\t\t\t\t\t\t\t\t\t\t<span class=\"elementor-toggle-icon elementor-toggle-icon-left\" aria-hidden=\"true\">\n\t\t\t\t\t\t\t\t\t\t\t\t\t\t\t<span class=\"elementor-toggle-icon-closed\"><i class=\"fas fa-caret-right\"><\/i><\/span>\n\t\t\t\t\t\t\t\t<span class=\"elementor-toggle-icon-opened\"><i class=\"elementor-toggle-icon-opened fas fa-caret-up\"><\/i><\/span>\n\t\t\t\t\t\t\t\t\t\t\t\t\t<\/span>\n\t\t\t\t\t\t\t\t\t\t\t\t<a class=\"elementor-toggle-title\" tabindex=\"0\">Ludwigstra\u00dfe Baum Nr. 3, 4, 5, 6 - Platanen<\/a>\n\t\t\t\t\t<\/div>\n\n\t\t\t\t\t<div id=\"elementor-tab-content-1031\" class=\"elementor-tab-content elementor-clearfix\" data-tab=\"1\" role=\"region\" aria-labelledby=\"elementor-tab-title-1031\"><p>Kopfplatanen Stamm 4m mit Mulmh\u00f6hle (Mischung aus sich zersetzendem Holz und tierischen Exkrementen und organischen Resten).<\/p><\/div>\n\t\t\t\t<\/div>\n\t\t\t\t\t\t\t\t<\/div>\n\t\t\t\t<\/div>\n\t\t\t\t<\/div>\n\t\t\t\t\t<\/div>\n\t\t<\/div>\n\t\t\t\t<div class=\"elementor-column elementor-col-25 elementor-inner-column elementor-element elementor-element-28e6be7\" data-id=\"28e6be7\" data-element_type=\"column\">\n\t\t\t<div class=\"elementor-widget-wrap elementor-element-populated\">\n\t\t\t\t\t\t\t\t<div class=\"elementor-element elementor-element-875b1e5 elementor-widget elementor-widget-image\" data-id=\"875b1e5\" data-element_type=\"widget\" data-widget_type=\"image.default\">\n\t\t\t\t<div class=\"elementor-widget-container\">\n\t\t\t\t\t\t\t\t\t\t\t\t\t\t\t<img decoding=\"async\" src=\"https:\/\/dlb-aoer.de\/neu-isenburg\/wp-content\/uploads\/sites\/2\/elementor\/thumbs\/Hugenottenallee-Baum-Nr.-27-Platane-scaled-qlj2cg4nhv6k6rix0w3cufpisjen8lfed7n80qb3h4.jpg\" title=\"Hugenottenallee Baum Nr. 27 Platane\" alt=\"Hugenottenallee Baum Nr. 27 Platane\" loading=\"lazy\" \/>\t\t\t\t\t\t\t\t\t\t\t\t\t\t\t<\/div>\n\t\t\t\t<\/div>\n\t\t\t\t<div class=\"elementor-element elementor-element-edd9f85 elementor-widget elementor-widget-toggle\" data-id=\"edd9f85\" data-element_type=\"widget\" data-widget_type=\"toggle.default\">\n\t\t\t\t<div class=\"elementor-widget-container\">\n\t\t\t\t\t<div class=\"elementor-toggle\">\n\t\t\t\t\t\t\t<div class=\"elementor-toggle-item\">\n\t\t\t\t\t<div id=\"elementor-tab-title-2491\" class=\"elementor-tab-title\" data-tab=\"1\" role=\"button\" aria-controls=\"elementor-tab-content-2491\" aria-expanded=\"false\">\n\t\t\t\t\t\t\t\t\t\t\t\t<span class=\"elementor-toggle-icon elementor-toggle-icon-left\" aria-hidden=\"true\">\n\t\t\t\t\t\t\t\t\t\t\t\t\t\t\t<span class=\"elementor-toggle-icon-closed\"><i class=\"fas fa-caret-right\"><\/i><\/span>\n\t\t\t\t\t\t\t\t<span class=\"elementor-toggle-icon-opened\"><i class=\"elementor-toggle-icon-opened fas fa-caret-up\"><\/i><\/span>\n\t\t\t\t\t\t\t\t\t\t\t\t\t<\/span>\n\t\t\t\t\t\t\t\t\t\t\t\t<a class=\"elementor-toggle-title\" tabindex=\"0\">Hugenottenallee Baum Nr. 27 - Platane<\/a>\n\t\t\t\t\t<\/div>\n\n\t\t\t\t\t<div id=\"elementor-tab-content-2491\" class=\"elementor-tab-content elementor-clearfix\" data-tab=\"1\" role=\"region\" aria-labelledby=\"elementor-tab-title-2491\"><p>Platane mit H\u00f6hlung. Geeignetes Habitat f\u00fcr S\u00e4ugetiere.<\/p><\/div>\n\t\t\t\t<\/div>\n\t\t\t\t\t\t\t\t<\/div>\n\t\t\t\t<\/div>\n\t\t\t\t<\/div>\n\t\t\t\t\t<\/div>\n\t\t<\/div>\n\t\t\t\t\t\t\t<\/div>\n\t\t<\/section>\n\t\t\t\t<section class=\"elementor-section elementor-inner-section elementor-element elementor-element-bbb2aa2 elementor-section-boxed elementor-section-height-default elementor-section-height-default\" data-id=\"bbb2aa2\" data-element_type=\"section\">\n\t\t\t\t\t\t<div class=\"elementor-container elementor-column-gap-default\">\n\t\t\t\t\t<div class=\"elementor-column elementor-col-25 elementor-inner-column elementor-element elementor-element-7c111c5\" data-id=\"7c111c5\" data-element_type=\"column\">\n\t\t\t<div class=\"elementor-widget-wrap elementor-element-populated\">\n\t\t\t\t\t\t\t\t<div class=\"elementor-element elementor-element-e95114a elementor-widget elementor-widget-image\" data-id=\"e95114a\" data-element_type=\"widget\" data-widget_type=\"image.default\">\n\t\t\t\t<div class=\"elementor-widget-container\">\n\t\t\t\t\t\t\t\t\t\t\t\t\t\t\t<img decoding=\"async\" src=\"https:\/\/dlb-aoer.de\/neu-isenburg\/wp-content\/uploads\/sites\/2\/elementor\/thumbs\/Adollf-Bauer-Strasse-Spielplatz-Baum-Nr.-1-Eiche-scaled-qlj2c8lxz6w9lvtu8sucahlu1gfpj0ljo6fc6im8uw.jpg\" title=\"Adollf-Bauer-Stra\u00dfe Spielplatz Baum Nr. 1 Eiche\" alt=\"Adollf-Bauer-Stra\u00dfe Spielplatz Baum Nr. 1 Eiche\" loading=\"lazy\" \/>\t\t\t\t\t\t\t\t\t\t\t\t\t\t\t<\/div>\n\t\t\t\t<\/div>\n\t\t\t\t<div class=\"elementor-element elementor-element-ce263f1 elementor-widget elementor-widget-toggle\" data-id=\"ce263f1\" data-element_type=\"widget\" data-widget_type=\"toggle.default\">\n\t\t\t\t<div class=\"elementor-widget-container\">\n\t\t\t\t\t<div class=\"elementor-toggle\">\n\t\t\t\t\t\t\t<div class=\"elementor-toggle-item\">\n\t\t\t\t\t<div id=\"elementor-tab-title-2161\" class=\"elementor-tab-title\" data-tab=\"1\" role=\"button\" aria-controls=\"elementor-tab-content-2161\" aria-expanded=\"false\">\n\t\t\t\t\t\t\t\t\t\t\t\t<span class=\"elementor-toggle-icon elementor-toggle-icon-left\" aria-hidden=\"true\">\n\t\t\t\t\t\t\t\t\t\t\t\t\t\t\t<span class=\"elementor-toggle-icon-closed\"><i class=\"fas fa-caret-right\"><\/i><\/span>\n\t\t\t\t\t\t\t\t<span class=\"elementor-toggle-icon-opened\"><i class=\"elementor-toggle-icon-opened fas fa-caret-up\"><\/i><\/span>\n\t\t\t\t\t\t\t\t\t\t\t\t\t<\/span>\n\t\t\t\t\t\t\t\t\t\t\t\t<a class=\"elementor-toggle-title\" tabindex=\"0\">Adolf-Bauer-Stra\u00dfe Baum Nr. 1 - Eiche<\/a>\n\t\t\t\t\t<\/div>\n\n\t\t\t\t\t<div id=\"elementor-tab-content-2161\" class=\"elementor-tab-content elementor-clearfix\" data-tab=\"1\" role=\"region\" aria-labelledby=\"elementor-tab-title-2161\"><p>20m hohe, weit ausladende Eiche mit H\u00f6hlung und Stammabrissen. Pilzbefall in der Krone, Nahrung f\u00fcr Insekten<\/p><\/div>\n\t\t\t\t<\/div>\n\t\t\t\t\t\t\t\t<\/div>\n\t\t\t\t<\/div>\n\t\t\t\t<\/div>\n\t\t\t\t\t<\/div>\n\t\t<\/div>\n\t\t\t\t<div class=\"elementor-column elementor-col-25 elementor-inner-column elementor-element elementor-element-12e0b0e\" data-id=\"12e0b0e\" data-element_type=\"column\">\n\t\t\t<div class=\"elementor-widget-wrap elementor-element-populated\">\n\t\t\t\t\t\t\t\t<div class=\"elementor-element elementor-element-8121ef0 elementor-widget elementor-widget-image\" data-id=\"8121ef0\" data-element_type=\"widget\" data-widget_type=\"image.default\">\n\t\t\t\t<div class=\"elementor-widget-container\">\n\t\t\t\t\t\t\t\t\t\t\t\t\t\t\t<img decoding=\"async\" src=\"https:\/\/dlb-aoer.de\/neu-isenburg\/wp-content\/uploads\/sites\/2\/elementor\/thumbs\/Ludwigstrasse-Altenwohnheim-Baum-Nr.-8-Platane-scaled-qlj2c212ncn9cm3eb7zyb19lvrc514vfb9uxtkw02g.jpg\" title=\"Ludwigstra\u00dfe Altenwohnheim Baum Nr. 8 Platane\" alt=\"Ludwigstra\u00dfe Altenwohnheim Baum Nr. 8 Platane\" loading=\"lazy\" \/>\t\t\t\t\t\t\t\t\t\t\t\t\t\t\t<\/div>\n\t\t\t\t<\/div>\n\t\t\t\t<div class=\"elementor-element elementor-element-5d2609d elementor-widget elementor-widget-toggle\" data-id=\"5d2609d\" data-element_type=\"widget\" data-widget_type=\"toggle.default\">\n\t\t\t\t<div class=\"elementor-widget-container\">\n\t\t\t\t\t<div class=\"elementor-toggle\">\n\t\t\t\t\t\t\t<div class=\"elementor-toggle-item\">\n\t\t\t\t\t<div id=\"elementor-tab-title-9761\" class=\"elementor-tab-title\" data-tab=\"1\" role=\"button\" aria-controls=\"elementor-tab-content-9761\" aria-expanded=\"false\">\n\t\t\t\t\t\t\t\t\t\t\t\t<span class=\"elementor-toggle-icon elementor-toggle-icon-left\" aria-hidden=\"true\">\n\t\t\t\t\t\t\t\t\t\t\t\t\t\t\t<span class=\"elementor-toggle-icon-closed\"><i class=\"fas fa-caret-right\"><\/i><\/span>\n\t\t\t\t\t\t\t\t<span class=\"elementor-toggle-icon-opened\"><i class=\"elementor-toggle-icon-opened fas fa-caret-up\"><\/i><\/span>\n\t\t\t\t\t\t\t\t\t\t\t\t\t<\/span>\n\t\t\t\t\t\t\t\t\t\t\t\t<a class=\"elementor-toggle-title\" tabindex=\"0\">Ludwigstra\u00dfe Baum Nr. 8 - Platane<\/a>\n\t\t\t\t\t<\/div>\n\n\t\t\t\t\t<div id=\"elementor-tab-content-9761\" class=\"elementor-tab-content elementor-clearfix\" data-tab=\"1\" role=\"region\" aria-labelledby=\"elementor-tab-title-9761\"><p>Platane mit gro\u00dffl\u00e4chiger H\u00f6hlung. Lebensraum f\u00fcr Tier-, Pflanzen-, Flechten- und Pilzarten<\/p><\/div>\n\t\t\t\t<\/div>\n\t\t\t\t\t\t\t\t<\/div>\n\t\t\t\t<\/div>\n\t\t\t\t<\/div>\n\t\t\t\t\t<\/div>\n\t\t<\/div>\n\t\t\t\t<div class=\"elementor-column elementor-col-25 elementor-inner-column elementor-element elementor-element-f380781\" data-id=\"f380781\" data-element_type=\"column\">\n\t\t\t<div class=\"elementor-widget-wrap\">\n\t\t\t\t\t\t\t\t\t<\/div>\n\t\t<\/div>\n\t\t\t\t<div class=\"elementor-column elementor-col-25 elementor-inner-column elementor-element elementor-element-a8515b3\" data-id=\"a8515b3\" data-element_type=\"column\">\n\t\t\t<div class=\"elementor-widget-wrap\">\n\t\t\t\t\t\t\t\t\t<\/div>\n\t\t<\/div>\n\t\t\t\t\t\t\t<\/div>\n\t\t<\/section>\n\t\t\t\t\t<\/div>\n\t\t<\/div>\n\t\t\t\t\t\t\t<\/div>\n\t\t<\/section>\n\t\t\t\t\t<\/div>\n\t\t<\/div>\n\t\t\t\t\t\t\t<\/div>\n\t\t<\/section>\n\t\t\t\t\t\t\t<\/div>\n\t\t","protected":false},"excerpt":{"rendered":"<p>Ansprechpartner: Donald BaumTel. 06102-3702-353 Habitatbaum Ein Baum mit hoher Bedeutung f\u00fcr die lokale Artenvielfalt Als Biotop- oder Habitatbaum werden B\u00e4ume bezeichnet, die [&hellip;]<\/p>\n","protected":false},"author":2,"featured_media":4475,"parent":268,"menu_order":6,"comment_status":"closed","ping_status":"closed","template":"","meta":{"inline_featured_image":false,"footnotes":"","_links_to":"","_links_to_target":""},"class_list":["post-4470","page","type-page","status-publish","has-post-thumbnail","hentry"],"yoast_head":"<!-- This site is optimized with the Yoast SEO plugin v21.6 - https:\/\/yoast.com\/wordpress\/plugins\/seo\/ -->\n<title>Natur- und Artenschutz - DLB Neu-Isenburg<\/title>\n<meta name=\"robots\" content=\"index, follow, max-snippet:-1, max-image-preview:large, max-video-preview:-1\" \/>\n<link rel=\"canonical\" href=\"https:\/\/dlb-aoer.de\/neu-isenburg\/gruen-spiel-sport\/baeume\/natur-und-artenschutz\/\" \/>\n<meta property=\"og:locale\" content=\"de_DE\" \/>\n<meta property=\"og:type\" content=\"article\" \/>\n<meta property=\"og:title\" content=\"Natur- und Artenschutz - DLB Neu-Isenburg\" \/>\n<meta property=\"og:description\" content=\"Ansprechpartner: Donald BaumTel. 06102-3702-353 Habitatbaum Ein Baum mit hoher Bedeutung f\u00fcr die lokale Artenvielfalt Als Biotop- oder Habitatbaum werden B\u00e4ume bezeichnet, die [&hellip;]\" \/>\n<meta property=\"og:url\" content=\"https:\/\/dlb-aoer.de\/neu-isenburg\/gruen-spiel-sport\/baeume\/natur-und-artenschutz\/\" \/>\n<meta property=\"og:site_name\" content=\"DLB Neu-Isenburg\" \/>\n<meta property=\"article:modified_time\" content=\"2024-03-21T09:53:06+00:00\" \/>\n<meta property=\"og:image\" content=\"https:\/\/dlb-aoer.de\/neu-isenburg\/wp-content\/uploads\/sites\/2\/2024\/02\/Natur-und-Artenschutz-DR-scaled.jpg\" \/>\n\t<meta property=\"og:image:width\" content=\"2560\" \/>\n\t<meta property=\"og:image:height\" content=\"967\" \/>\n\t<meta property=\"og:image:type\" content=\"image\/jpeg\" \/>\n<meta name=\"twitter:card\" content=\"summary_large_image\" \/>\n<meta name=\"twitter:label1\" content=\"Gesch\u00e4tzte Lesezeit\" \/>\n\t<meta name=\"twitter:data1\" content=\"5\u00a0Minuten\" \/>\n<script type=\"application\/ld+json\" class=\"yoast-schema-graph\">{\"@context\":\"https:\/\/schema.org\",\"@graph\":[{\"@type\":\"WebPage\",\"@id\":\"https:\/\/dlb-aoer.de\/neu-isenburg\/gruen-spiel-sport\/baeume\/natur-und-artenschutz\/\",\"url\":\"https:\/\/dlb-aoer.de\/neu-isenburg\/gruen-spiel-sport\/baeume\/natur-und-artenschutz\/\",\"name\":\"Natur- und Artenschutz - DLB Neu-Isenburg\",\"isPartOf\":{\"@id\":\"https:\/\/dlb-aoer.de\/neu-isenburg\/#website\"},\"datePublished\":\"2024-02-09T11:08:26+00:00\",\"dateModified\":\"2024-03-21T09:53:06+00:00\",\"breadcrumb\":{\"@id\":\"https:\/\/dlb-aoer.de\/neu-isenburg\/gruen-spiel-sport\/baeume\/natur-und-artenschutz\/#breadcrumb\"},\"inLanguage\":\"de\",\"potentialAction\":[{\"@type\":\"ReadAction\",\"target\":[\"https:\/\/dlb-aoer.de\/neu-isenburg\/gruen-spiel-sport\/baeume\/natur-und-artenschutz\/\"]}]},{\"@type\":\"BreadcrumbList\",\"@id\":\"https:\/\/dlb-aoer.de\/neu-isenburg\/gruen-spiel-sport\/baeume\/natur-und-artenschutz\/#breadcrumb\",\"itemListElement\":[{\"@type\":\"ListItem\",\"position\":1,\"name\":\"Startseite\",\"item\":\"https:\/\/dlb-aoer.de\/neu-isenburg\/\"},{\"@type\":\"ListItem\",\"position\":2,\"name\":\"Gr\u00fcn\/Spiel\/Sport\",\"item\":\"https:\/\/dlb-aoer.de\/neu-isenburg\/gruen-spiel-sport\/\"},{\"@type\":\"ListItem\",\"position\":3,\"name\":\"B\u00e4ume\",\"item\":\"https:\/\/dlb-aoer.de\/neu-isenburg\/gruen-spiel-sport\/baeume\/\"},{\"@type\":\"ListItem\",\"position\":4,\"name\":\"Natur- und Artenschutz\"}]},{\"@type\":\"WebSite\",\"@id\":\"https:\/\/dlb-aoer.de\/neu-isenburg\/#website\",\"url\":\"https:\/\/dlb-aoer.de\/neu-isenburg\/\",\"name\":\"DLB Neu-Isenburg\",\"description\":\"\",\"publisher\":{\"@id\":\"https:\/\/dlb-aoer.de\/neu-isenburg\/#organization\"},\"potentialAction\":[{\"@type\":\"SearchAction\",\"target\":{\"@type\":\"EntryPoint\",\"urlTemplate\":\"https:\/\/dlb-aoer.de\/neu-isenburg\/?s={search_term_string}\"},\"query-input\":\"required name=search_term_string\"}],\"inLanguage\":\"de\"},{\"@type\":\"Organization\",\"@id\":\"https:\/\/dlb-aoer.de\/neu-isenburg\/#organization\",\"name\":\"Dienstleistungsbetrieb Dreieich und Neu-Isenburg A\u00f6R\",\"url\":\"https:\/\/dlb-aoer.de\/neu-isenburg\/\",\"logo\":{\"@type\":\"ImageObject\",\"inLanguage\":\"de\",\"@id\":\"https:\/\/dlb-aoer.de\/neu-isenburg\/#\/schema\/logo\/image\/\",\"url\":\"https:\/\/dlb-aoer.de\/neu-isenburg\/wp-content\/uploads\/sites\/2\/2019\/10\/DLB_Logo_orange.svg\",\"contentUrl\":\"https:\/\/dlb-aoer.de\/neu-isenburg\/wp-content\/uploads\/sites\/2\/2019\/10\/DLB_Logo_orange.svg\",\"width\":1,\"height\":1,\"caption\":\"Dienstleistungsbetrieb Dreieich und Neu-Isenburg A\u00f6R\"},\"image\":{\"@id\":\"https:\/\/dlb-aoer.de\/neu-isenburg\/#\/schema\/logo\/image\/\"}}]}<\/script>\n<!-- \/ Yoast SEO plugin. -->","yoast_head_json":{"title":"Natur- und Artenschutz - DLB Neu-Isenburg","robots":{"index":"index","follow":"follow","max-snippet":"max-snippet:-1","max-image-preview":"max-image-preview:large","max-video-preview":"max-video-preview:-1"},"canonical":"https:\/\/dlb-aoer.de\/neu-isenburg\/gruen-spiel-sport\/baeume\/natur-und-artenschutz\/","og_locale":"de_DE","og_type":"article","og_title":"Natur- und Artenschutz - DLB Neu-Isenburg","og_description":"Ansprechpartner: Donald BaumTel. 06102-3702-353 Habitatbaum Ein Baum mit hoher Bedeutung f\u00fcr die lokale Artenvielfalt Als Biotop- oder Habitatbaum werden B\u00e4ume bezeichnet, die [&hellip;]","og_url":"https:\/\/dlb-aoer.de\/neu-isenburg\/gruen-spiel-sport\/baeume\/natur-und-artenschutz\/","og_site_name":"DLB Neu-Isenburg","article_modified_time":"2024-03-21T09:53:06+00:00","og_image":[{"width":2560,"height":967,"url":"https:\/\/dlb-aoer.de\/neu-isenburg\/wp-content\/uploads\/sites\/2\/2024\/02\/Natur-und-Artenschutz-DR-scaled.jpg","type":"image\/jpeg"}],"twitter_card":"summary_large_image","twitter_misc":{"Gesch\u00e4tzte Lesezeit":"5\u00a0Minuten"},"schema":{"@context":"https:\/\/schema.org","@graph":[{"@type":"WebPage","@id":"https:\/\/dlb-aoer.de\/neu-isenburg\/gruen-spiel-sport\/baeume\/natur-und-artenschutz\/","url":"https:\/\/dlb-aoer.de\/neu-isenburg\/gruen-spiel-sport\/baeume\/natur-und-artenschutz\/","name":"Natur- und Artenschutz - DLB Neu-Isenburg","isPartOf":{"@id":"https:\/\/dlb-aoer.de\/neu-isenburg\/#website"},"datePublished":"2024-02-09T11:08:26+00:00","dateModified":"2024-03-21T09:53:06+00:00","breadcrumb":{"@id":"https:\/\/dlb-aoer.de\/neu-isenburg\/gruen-spiel-sport\/baeume\/natur-und-artenschutz\/#breadcrumb"},"inLanguage":"de","potentialAction":[{"@type":"ReadAction","target":["https:\/\/dlb-aoer.de\/neu-isenburg\/gruen-spiel-sport\/baeume\/natur-und-artenschutz\/"]}]},{"@type":"BreadcrumbList","@id":"https:\/\/dlb-aoer.de\/neu-isenburg\/gruen-spiel-sport\/baeume\/natur-und-artenschutz\/#breadcrumb","itemListElement":[{"@type":"ListItem","position":1,"name":"Startseite","item":"https:\/\/dlb-aoer.de\/neu-isenburg\/"},{"@type":"ListItem","position":2,"name":"Gr\u00fcn\/Spiel\/Sport","item":"https:\/\/dlb-aoer.de\/neu-isenburg\/gruen-spiel-sport\/"},{"@type":"ListItem","position":3,"name":"B\u00e4ume","item":"https:\/\/dlb-aoer.de\/neu-isenburg\/gruen-spiel-sport\/baeume\/"},{"@type":"ListItem","position":4,"name":"Natur- und Artenschutz"}]},{"@type":"WebSite","@id":"https:\/\/dlb-aoer.de\/neu-isenburg\/#website","url":"https:\/\/dlb-aoer.de\/neu-isenburg\/","name":"DLB Neu-Isenburg","description":"","publisher":{"@id":"https:\/\/dlb-aoer.de\/neu-isenburg\/#organization"},"potentialAction":[{"@type":"SearchAction","target":{"@type":"EntryPoint","urlTemplate":"https:\/\/dlb-aoer.de\/neu-isenburg\/?s={search_term_string}"},"query-input":"required name=search_term_string"}],"inLanguage":"de"},{"@type":"Organization","@id":"https:\/\/dlb-aoer.de\/neu-isenburg\/#organization","name":"Dienstleistungsbetrieb Dreieich und Neu-Isenburg A\u00f6R","url":"https:\/\/dlb-aoer.de\/neu-isenburg\/","logo":{"@type":"ImageObject","inLanguage":"de","@id":"https:\/\/dlb-aoer.de\/neu-isenburg\/#\/schema\/logo\/image\/","url":"https:\/\/dlb-aoer.de\/neu-isenburg\/wp-content\/uploads\/sites\/2\/2019\/10\/DLB_Logo_orange.svg","contentUrl":"https:\/\/dlb-aoer.de\/neu-isenburg\/wp-content\/uploads\/sites\/2\/2019\/10\/DLB_Logo_orange.svg","width":1,"height":1,"caption":"Dienstleistungsbetrieb Dreieich und Neu-Isenburg A\u00f6R"},"image":{"@id":"https:\/\/dlb-aoer.de\/neu-isenburg\/#\/schema\/logo\/image\/"}}]}},"_links":{"self":[{"href":"https:\/\/dlb-aoer.de\/neu-isenburg\/wp-json\/wp\/v2\/pages\/4470","targetHints":{"allow":["GET"]}}],"collection":[{"href":"https:\/\/dlb-aoer.de\/neu-isenburg\/wp-json\/wp\/v2\/pages"}],"about":[{"href":"https:\/\/dlb-aoer.de\/neu-isenburg\/wp-json\/wp\/v2\/types\/page"}],"author":[{"embeddable":true,"href":"https:\/\/dlb-aoer.de\/neu-isenburg\/wp-json\/wp\/v2\/users\/2"}],"replies":[{"embeddable":true,"href":"https:\/\/dlb-aoer.de\/neu-isenburg\/wp-json\/wp\/v2\/comments?post=4470"}],"version-history":[{"count":30,"href":"https:\/\/dlb-aoer.de\/neu-isenburg\/wp-json\/wp\/v2\/pages\/4470\/revisions"}],"predecessor-version":[{"id":4630,"href":"https:\/\/dlb-aoer.de\/neu-isenburg\/wp-json\/wp\/v2\/pages\/4470\/revisions\/4630"}],"up":[{"embeddable":true,"href":"https:\/\/dlb-aoer.de\/neu-isenburg\/wp-json\/wp\/v2\/pages\/268"}],"wp:featuredmedia":[{"embeddable":true,"href":"https:\/\/dlb-aoer.de\/neu-isenburg\/wp-json\/wp\/v2\/media\/4475"}],"wp:attachment":[{"href":"https:\/\/dlb-aoer.de\/neu-isenburg\/wp-json\/wp\/v2\/media?parent=4470"}],"curies":[{"name":"wp","href":"https:\/\/api.w.org\/{rel}","templated":true}]}}