{"id":155,"date":"2019-05-12T18:07:13","date_gmt":"2019-05-12T16:07:13","guid":{"rendered":"https:\/\/www.dlb-aoer.de\/neu-isenburg\/?page_id=155"},"modified":"2026-04-23T15:17:29","modified_gmt":"2026-04-23T13:17:29","slug":"wertstoffhof","status":"publish","type":"page","link":"https:\/\/dlb-aoer.de\/neu-isenburg\/abfall\/wertstoffhof\/","title":{"rendered":"Wertstoffhof"},"content":{"rendered":"\t\t<div data-elementor-type=\"wp-post\" data-elementor-id=\"155\" class=\"elementor elementor-155\">\n\t\t\t\t\t\t\t\t\t<section class=\"elementor-section elementor-top-section elementor-element elementor-element-b007e27 elementor-section-stretched elementor-section-boxed elementor-section-height-default elementor-section-height-default\" data-id=\"b007e27\" data-element_type=\"section\" data-settings=\"{&quot;stretch_section&quot;:&quot;section-stretched&quot;}\">\n\t\t\t\t\t\t<div class=\"elementor-container elementor-column-gap-default\">\n\t\t\t\t\t<div class=\"elementor-column elementor-col-100 elementor-top-column elementor-element elementor-element-b227d7b\" data-id=\"b227d7b\" data-element_type=\"column\" data-settings=\"{&quot;background_background&quot;:&quot;classic&quot;}\">\n\t\t\t<div class=\"elementor-widget-wrap elementor-element-populated\">\n\t\t\t\t\t\t\t\t<section class=\"elementor-section elementor-inner-section elementor-element elementor-element-e28cf21 border-plus-margin elementor-section-boxed elementor-section-height-default elementor-section-height-default\" data-id=\"e28cf21\" data-element_type=\"section\">\n\t\t\t\t\t\t<div class=\"elementor-container elementor-column-gap-default\">\n\t\t\t\t\t<div class=\"elementor-column elementor-col-50 elementor-inner-column elementor-element elementor-element-6c8b6bf\" data-id=\"6c8b6bf\" data-element_type=\"column\">\n\t\t\t<div class=\"elementor-widget-wrap elementor-element-populated\">\n\t\t\t\t\t\t\t\t<div class=\"elementor-element elementor-element-f57750d elementor-widget elementor-widget-image\" data-id=\"f57750d\" data-element_type=\"widget\" data-widget_type=\"image.default\">\n\t\t\t\t<div class=\"elementor-widget-container\">\n\t\t\t\t\t\t\t\t\t\t\t\t\t\t\t<img loading=\"lazy\" decoding=\"async\" width=\"1024\" height=\"387\" src=\"https:\/\/dlb-aoer.de\/neu-isenburg\/wp-content\/uploads\/sites\/2\/2021\/12\/DLB-August-2010-617-3977x1503-1-1024x387.jpg\" class=\"attachment-large size-large wp-image-2293\" alt=\"Wertstoffhof des DLB\" srcset=\"https:\/\/dlb-aoer.de\/neu-isenburg\/wp-content\/uploads\/sites\/2\/2021\/12\/DLB-August-2010-617-3977x1503-1-1024x387.jpg 1024w, https:\/\/dlb-aoer.de\/neu-isenburg\/wp-content\/uploads\/sites\/2\/2021\/12\/DLB-August-2010-617-3977x1503-1-300x113.jpg 300w, https:\/\/dlb-aoer.de\/neu-isenburg\/wp-content\/uploads\/sites\/2\/2021\/12\/DLB-August-2010-617-3977x1503-1-768x290.jpg 768w, https:\/\/dlb-aoer.de\/neu-isenburg\/wp-content\/uploads\/sites\/2\/2021\/12\/DLB-August-2010-617-3977x1503-1-1536x580.jpg 1536w, https:\/\/dlb-aoer.de\/neu-isenburg\/wp-content\/uploads\/sites\/2\/2021\/12\/DLB-August-2010-617-3977x1503-1-2048x774.jpg 2048w, https:\/\/dlb-aoer.de\/neu-isenburg\/wp-content\/uploads\/sites\/2\/2021\/12\/DLB-August-2010-617-3977x1503-1-830x314.jpg 830w, https:\/\/dlb-aoer.de\/neu-isenburg\/wp-content\/uploads\/sites\/2\/2021\/12\/DLB-August-2010-617-3977x1503-1-230x87.jpg 230w, https:\/\/dlb-aoer.de\/neu-isenburg\/wp-content\/uploads\/sites\/2\/2021\/12\/DLB-August-2010-617-3977x1503-1-350x132.jpg 350w, https:\/\/dlb-aoer.de\/neu-isenburg\/wp-content\/uploads\/sites\/2\/2021\/12\/DLB-August-2010-617-3977x1503-1-480x181.jpg 480w\" sizes=\"auto, (max-width: 1024px) 100vw, 1024px\" \/>\t\t\t\t\t\t\t\t\t\t\t\t\t\t\t<\/div>\n\t\t\t\t<\/div>\n\t\t\t\t\t<\/div>\n\t\t<\/div>\n\t\t\t\t<div class=\"elementor-column elementor-col-50 elementor-inner-column elementor-element elementor-element-d105047\" data-id=\"d105047\" data-element_type=\"column\">\n\t\t\t<div class=\"elementor-widget-wrap elementor-element-populated\">\n\t\t\t\t\t\t\t\t<div class=\"elementor-element elementor-element-2f207d4 elementor-widget elementor-widget-text-editor\" data-id=\"2f207d4\" data-element_type=\"widget\" data-widget_type=\"text-editor.default\">\n\t\t\t\t<div class=\"elementor-widget-container\">\n\t\t\t\t\t\t\t<p><strong>Adresse Wertstoffhof:<\/strong><\/p><p>Offenbacher Stra\u00dfe 174, 63263 Neu-Isenburg<\/p>\t\t\t\t\t\t<\/div>\n\t\t\t\t<\/div>\n\t\t\t\t\t<\/div>\n\t\t<\/div>\n\t\t\t\t\t\t\t<\/div>\n\t\t<\/section>\n\t\t\t\t<section class=\"elementor-section elementor-inner-section elementor-element elementor-element-8d4853c border-plus-margin elementor-section-boxed elementor-section-height-default elementor-section-height-default\" data-id=\"8d4853c\" data-element_type=\"section\">\n\t\t\t\t\t\t<div class=\"elementor-container elementor-column-gap-default\">\n\t\t\t\t\t<div class=\"elementor-column elementor-col-100 elementor-inner-column elementor-element elementor-element-31de2ca\" data-id=\"31de2ca\" data-element_type=\"column\">\n\t\t\t<div class=\"elementor-widget-wrap elementor-element-populated\">\n\t\t\t\t\t\t\t\t<div class=\"elementor-element elementor-element-20e0a31 elementor-widget elementor-widget-text-editor\" data-id=\"20e0a31\" data-element_type=\"widget\" data-widget_type=\"text-editor.default\">\n\t\t\t\t<div class=\"elementor-widget-container\">\n\t\t\t\t\t\t\t<h3><span style=\"color: #ff0000;\"><strong>Am Samstag 09. Mai 2026 (Tag der offenen T\u00fcr) bleibt der Wertstoffhof geschlossen.<\/strong><\/span><\/h3>\t\t\t\t\t\t<\/div>\n\t\t\t\t<\/div>\n\t\t\t\t<div class=\"elementor-element elementor-element-5d5163c elementor-widget elementor-widget-heading\" data-id=\"5d5163c\" data-element_type=\"widget\" data-widget_type=\"heading.default\">\n\t\t\t\t<div class=\"elementor-widget-container\">\n\t\t\t<h2 class=\"elementor-heading-title elementor-size-default\">\u00d6ffnungszeiten<\/h2>\t\t<\/div>\n\t\t\t\t<\/div>\n\t\t\t\t<div class=\"elementor-element elementor-element-7ca4d0c elementor-widget elementor-widget-text-editor\" data-id=\"7ca4d0c\" data-element_type=\"widget\" data-widget_type=\"text-editor.default\">\n\t\t\t\t<div class=\"elementor-widget-container\">\n\t\t\t\t\t\t\t<table><tbody><tr><td>Montag<\/td><td>geschlossen<\/td><\/tr><tr><td>Dienstag<\/td><td>07.30 Uhr \u2013 15.00Uhr<\/td><\/tr><tr><td>Mittwoch (April \u2013 Oktober)<\/td><td>13.00 Uhr \u2013 18.00 Uhr<\/td><\/tr><tr><td>Mittwoch (November \u2013 M\u00e4rz) \u00a0\u00a0\u00a0<\/td><td>13.00 Uhr \u2013 16.00 Uhr<\/td><\/tr><tr><td>Donnerstag<\/td><td>07.30 Uhr \u2013 15.00 Uhr<\/td><\/tr><tr><td>Freitag<\/td><td>geschlossen<\/td><\/tr><tr><td>Samstag<\/td><td>08.00 Uhr \u2013 13.00 Uhr<\/td><\/tr><\/tbody><\/table>\t\t\t\t\t\t<\/div>\n\t\t\t\t<\/div>\n\t\t\t\t<div class=\"elementor-element elementor-element-3525b09 elementor-widget elementor-widget-text-editor\" data-id=\"3525b09\" data-element_type=\"widget\" data-widget_type=\"text-editor.default\">\n\t\t\t\t<div class=\"elementor-widget-container\">\n\t\t\t\t\t\t\t<p>In der Regel bleibt der Wertstoffhof an allen im Bundesland Hessen geltenden gesetzlichen Feiertagen und am j\u00e4hrlich stattfindenden &#8222;Tag der offenen T\u00fcr&#8220; geschlossen. Informationen zu weiteren Schlie\u00dfterminen werden hier stets aktuell bekannt gegeben.<\/p><p>\u00a0<\/p><p>Heilig Abend 24.12. und Silvester 31.12. bleibt der Wertstoffhof geschlossen.<\/p>\t\t\t\t\t\t<\/div>\n\t\t\t\t<\/div>\n\t\t\t\t\t<\/div>\n\t\t<\/div>\n\t\t\t\t\t\t\t<\/div>\n\t\t<\/section>\n\t\t\t\t<section class=\"elementor-section elementor-inner-section elementor-element elementor-element-176bf61 border-plus-margin elementor-section-boxed elementor-section-height-default elementor-section-height-default\" data-id=\"176bf61\" data-element_type=\"section\">\n\t\t\t\t\t\t<div class=\"elementor-container elementor-column-gap-default\">\n\t\t\t\t\t<div class=\"elementor-column elementor-col-100 elementor-inner-column elementor-element elementor-element-b28e41f\" data-id=\"b28e41f\" data-element_type=\"column\">\n\t\t\t<div class=\"elementor-widget-wrap elementor-element-populated\">\n\t\t\t\t\t\t\t\t<div class=\"elementor-element elementor-element-9bc19dd elementor-widget elementor-widget-heading\" data-id=\"9bc19dd\" data-element_type=\"widget\" data-widget_type=\"heading.default\">\n\t\t\t\t<div class=\"elementor-widget-container\">\n\t\t\t<h4 class=\"elementor-heading-title elementor-size-default\">Wertstoffannahme<\/h4>\t\t<\/div>\n\t\t\t\t<\/div>\n\t\t\t\t<div class=\"elementor-element elementor-element-1d5c976 elementor-widget elementor-widget-text-editor\" data-id=\"1d5c976\" data-element_type=\"widget\" data-widget_type=\"text-editor.default\">\n\t\t\t\t<div class=\"elementor-widget-container\">\n\t\t\t\t\t\t\t<p>F\u00fcr Neu-Isenburger B\u00fcrgerInnen ist die Abgabe von Wertstoffen, Elektroger\u00e4ten und\u00a0<strong>haushalts\u00fcblichen Mengen\u00a0<\/strong>Sperrm\u00fcll auf unserem Wertstoffhof 1 x w\u00f6chentlich\u00a0<strong>kostenfrei.\u00a0<\/strong><em>(haushalts\u00fcblich = eine Kofferraumladung) <\/em>Gr\u00f6\u00dfere Mengen oder h\u00e4ufigere Anlieferungen sind mit Kosten verbunden.<\/p>\t\t\t\t\t\t<\/div>\n\t\t\t\t<\/div>\n\t\t\t\t<div class=\"elementor-element elementor-element-699649a elementor-widget elementor-widget-text-editor\" data-id=\"699649a\" data-element_type=\"widget\" data-widget_type=\"text-editor.default\">\n\t\t\t\t<div class=\"elementor-widget-container\">\n\t\t\t\t\t\t\t<p><strong>Folgende Abf\u00e4lle nehmen wir an:<\/strong><\/p><ul><li>Wertstoffe (Altglas, Altpapier, Gelber Sack, Metalle, <a title=\"Aktion Korken f\u00fcr Kork\" href=\"\/dreieich\/abfall\/wertstoffhof\/aktion-korken-fuer-kork\/\">Korken)<\/a><\/li><li>Elektroger\u00e4te (Wasch- und Sp\u00fclmaschinen, Trockner, Herde, K\u00fchlschr\u00e4nke, Fernseher und Monitore, Elektrokleinger\u00e4te, Elektronikschrott, Alle anderen elektrisch betriebenen Ger\u00e4te<\/li><li>Bauschutt <strong>(auf 100 Liter begrenzt)<\/strong><\/li><li>Batterien<\/li><li>Daten- und Tontr\u00e4ger<\/li><li>Druckerpatronen, Toner<\/li><li>Leuchtstoffr\u00f6hren<\/li><li>Reifen mit und ohne Felgen (4,00 \u20ac\/Stk. auf 4 St\u00fcck begrenzt)<\/li><li>Holz (unbelastet, nicht mit Holzschutzmitteln behandelt)<\/li><li><a href=\"https:\/\/dlb-aoer.de\/neu-isenburg\/abfall\/abfallentsorgung\/sperrmuell\/\">Sperrm\u00fcll<\/a><\/li><li><a href=\"https:\/\/dlb-aoer.de\/neu-isenburg\/abfall\/abfallentsorgung\/gruenschnitt\/\">Gr\u00fcnschnitt<\/a><\/li><\/ul>\t\t\t\t\t\t<\/div>\n\t\t\t\t<\/div>\n\t\t\t\t<div class=\"elementor-element elementor-element-e4866c7 elementor-widget elementor-widget-text-editor\" data-id=\"e4866c7\" data-element_type=\"widget\" data-widget_type=\"text-editor.default\">\n\t\t\t\t<div class=\"elementor-widget-container\">\n\t\t\t\t\t\t\t<p><strong>Von der Annahme ausgeschlossen:<\/strong><\/p><ul><li>Gasflaschen, belastetes Holz, Farben, Schadstoffe, etc.. Mehr Infos zu Abf\u00e4llen und deren Entsorgung finden Sie in der Rubrik <a href=\"https:\/\/dlb-aoer.de\/neu-isenburg\/abfall\/abfaelle-von-a-z\/\">Abf\u00e4lle von A bis Z<\/a><\/li><\/ul>\t\t\t\t\t\t<\/div>\n\t\t\t\t<\/div>\n\t\t\t\t\t<\/div>\n\t\t<\/div>\n\t\t\t\t\t\t\t<\/div>\n\t\t<\/section>\n\t\t\t\t<section class=\"elementor-section elementor-inner-section elementor-element elementor-element-2976dad border-plus-margin elementor-section-boxed elementor-section-height-default elementor-section-height-default\" data-id=\"2976dad\" data-element_type=\"section\">\n\t\t\t\t\t\t<div class=\"elementor-container elementor-column-gap-default\">\n\t\t\t\t\t<div class=\"elementor-column elementor-col-100 elementor-inner-column elementor-element elementor-element-d4cd1c6\" data-id=\"d4cd1c6\" data-element_type=\"column\">\n\t\t\t<div class=\"elementor-widget-wrap elementor-element-populated\">\n\t\t\t\t\t\t\t\t<div class=\"elementor-element elementor-element-c05e0a6 elementor-widget elementor-widget-heading\" data-id=\"c05e0a6\" data-element_type=\"widget\" data-widget_type=\"heading.default\">\n\t\t\t\t<div class=\"elementor-widget-container\">\n\t\t\t<h4 class=\"elementor-heading-title elementor-size-default\">Entgelte f\u00fcr Anlieferer<\/h4>\t\t<\/div>\n\t\t\t\t<\/div>\n\t\t\t\t<div class=\"elementor-element elementor-element-ef902b9 elementor-widget elementor-widget-text-editor\" data-id=\"ef902b9\" data-element_type=\"widget\" data-widget_type=\"text-editor.default\">\n\t\t\t\t<div class=\"elementor-widget-container\">\n\t\t\t\t\t\t\t<table style=\"height: 461px;\" width=\"478\"><tbody><tr><td height=\"17\">Kofferraum eines PKW mit Beladung Innenraum oder Dachgep\u00e4cktr\u00e4ger<\/td><td>5 EUR<\/td><\/tr><tr><td height=\"17\">Kofferraum eines gro\u00dfen PKW mit Beladung Innenraum oder Dachgep\u00e4cktr\u00e4ger<\/td><td>10 EUR<\/td><\/tr><tr><td height=\"17\">Anh\u00e4nger klein<\/td><td>10 EUR<\/td><\/tr><tr><td height=\"17\">Anh\u00e4nger gro\u00df<\/td><td>20 EUR<\/td><\/tr><tr><td height=\"17\">Beladung PKW mit Anh\u00e4nger klein<\/td><td>20 EUR<\/td><\/tr><tr><td height=\"17\">Beladung PKW mit Anh\u00e4nger gro\u00df<\/td><td>30 EUR<\/td><\/tr><tr><td height=\"17\">Kleinbus, Van<\/td><td>20 EUR<\/td><\/tr><tr><td height=\"17\">Transporter<\/td><td>ab 30 EUR<\/td><\/tr><tr><td height=\"17\"><p style=\"text-align: left;\">Reifen<\/p><p>Gr\u00fcnschnitt bis 0,5 cbm.<\/p><p>Gr\u00fcnschnitt ab 0,5 cbm<\/p><\/td><td><p>4 EUR\/Stk.<\/p><p>kostenlos<\/p><p>15 EUR pro cbm<\/p><\/td><\/tr><\/tbody><\/table><p>Die Entsorgung von gewerblichen Abf\u00e4llen ist grunds\u00e4tzlich kostenpflichtig.<\/p>\t\t\t\t\t\t<\/div>\n\t\t\t\t<\/div>\n\t\t\t\t\t<\/div>\n\t\t<\/div>\n\t\t\t\t\t\t\t<\/div>\n\t\t<\/section>\n\t\t\t\t<section class=\"elementor-section elementor-inner-section elementor-element elementor-element-40a1149 border-plus-margin elementor-section-boxed elementor-section-height-default elementor-section-height-default\" data-id=\"40a1149\" data-element_type=\"section\">\n\t\t\t\t\t\t<div class=\"elementor-container elementor-column-gap-default\">\n\t\t\t\t\t<div class=\"elementor-column elementor-col-100 elementor-inner-column elementor-element elementor-element-c3019f7\" data-id=\"c3019f7\" data-element_type=\"column\">\n\t\t\t<div class=\"elementor-widget-wrap elementor-element-populated\">\n\t\t\t\t\t\t\t\t<div class=\"elementor-element elementor-element-474daa7 elementor-widget elementor-widget-heading\" data-id=\"474daa7\" data-element_type=\"widget\" data-widget_type=\"heading.default\">\n\t\t\t\t<div class=\"elementor-widget-container\">\n\t\t\t<h4 class=\"elementor-heading-title elementor-size-default\">Ansprechpartner<\/h4>\t\t<\/div>\n\t\t\t\t<\/div>\n\t\t\t\t<div class=\"elementor-element elementor-element-cf435ac elementor-widget elementor-widget-text-editor\" data-id=\"cf435ac\" data-element_type=\"widget\" data-widget_type=\"text-editor.default\">\n\t\t\t\t<div class=\"elementor-widget-container\">\n\t\t\t\t\t\t\t<p>Fragen zur Wertstoffannahme beantworten wir Ihnen gern unter 06102-3702-349 oder per <a href=\"mailto:abfallwirtschaft@dlb-aoer.de\">E-Mail<\/a>.<\/p>\t\t\t\t\t\t<\/div>\n\t\t\t\t<\/div>\n\t\t\t\t\t<\/div>\n\t\t<\/div>\n\t\t\t\t\t\t\t<\/div>\n\t\t<\/section>\n\t\t\t\t\t<\/div>\n\t\t<\/div>\n\t\t\t\t\t\t\t<\/div>\n\t\t<\/section>\n\t\t\t\t\t\t\t<\/div>\n\t\t","protected":false},"excerpt":{"rendered":"<p>Informationen zu \u00d6ffnungszeiten und der Wertstoffannahme.<\/p>\n","protected":false},"author":2,"featured_media":428,"parent":13,"menu_order":4,"comment_status":"closed","ping_status":"closed","template":"","meta":{"inline_featured_image":false,"footnotes":"","_links_to":"","_links_to_target":""},"class_list":["post-155","page","type-page","status-publish","has-post-thumbnail","hentry"],"yoast_head":"<!-- This site is optimized with the Yoast SEO plugin v21.6 - https:\/\/yoast.com\/wordpress\/plugins\/seo\/ -->\n<title>Wertstoffhof - DLB Neu-Isenburg<\/title>\n<meta name=\"robots\" content=\"index, follow, max-snippet:-1, max-image-preview:large, max-video-preview:-1\" \/>\n<link rel=\"canonical\" href=\"https:\/\/dlb-aoer.de\/neu-isenburg\/abfall\/wertstoffhof\/\" \/>\n<meta property=\"og:locale\" content=\"de_DE\" \/>\n<meta property=\"og:type\" content=\"article\" \/>\n<meta property=\"og:title\" content=\"Wertstoffhof - DLB Neu-Isenburg\" \/>\n<meta property=\"og:description\" content=\"Informationen zu \u00d6ffnungszeiten und der Wertstoffannahme.\" \/>\n<meta property=\"og:url\" content=\"https:\/\/dlb-aoer.de\/neu-isenburg\/abfall\/wertstoffhof\/\" \/>\n<meta property=\"og:site_name\" content=\"DLB Neu-Isenburg\" \/>\n<meta property=\"article:modified_time\" content=\"2026-04-23T13:17:29+00:00\" \/>\n<meta property=\"og:image\" content=\"https:\/\/dlb-aoer.de\/neu-isenburg\/wp-content\/uploads\/sites\/2\/2019\/05\/Abfall_Wertstoffhof.jpg\" \/>\n\t<meta property=\"og:image:width\" content=\"600\" \/>\n\t<meta property=\"og:image:height\" content=\"450\" \/>\n\t<meta property=\"og:image:type\" content=\"image\/jpeg\" \/>\n<meta name=\"twitter:card\" content=\"summary_large_image\" \/>\n<meta name=\"twitter:label1\" content=\"Gesch\u00e4tzte Lesezeit\" \/>\n\t<meta name=\"twitter:data1\" content=\"2\u00a0Minuten\" \/>\n<script type=\"application\/ld+json\" class=\"yoast-schema-graph\">{\"@context\":\"https:\/\/schema.org\",\"@graph\":[{\"@type\":\"WebPage\",\"@id\":\"https:\/\/dlb-aoer.de\/neu-isenburg\/abfall\/wertstoffhof\/\",\"url\":\"https:\/\/dlb-aoer.de\/neu-isenburg\/abfall\/wertstoffhof\/\",\"name\":\"Wertstoffhof - DLB Neu-Isenburg\",\"isPartOf\":{\"@id\":\"https:\/\/dlb-aoer.de\/neu-isenburg\/#website\"},\"datePublished\":\"2019-05-12T16:07:13+00:00\",\"dateModified\":\"2026-04-23T13:17:29+00:00\",\"breadcrumb\":{\"@id\":\"https:\/\/dlb-aoer.de\/neu-isenburg\/abfall\/wertstoffhof\/#breadcrumb\"},\"inLanguage\":\"de\",\"potentialAction\":[{\"@type\":\"ReadAction\",\"target\":[\"https:\/\/dlb-aoer.de\/neu-isenburg\/abfall\/wertstoffhof\/\"]}]},{\"@type\":\"BreadcrumbList\",\"@id\":\"https:\/\/dlb-aoer.de\/neu-isenburg\/abfall\/wertstoffhof\/#breadcrumb\",\"itemListElement\":[{\"@type\":\"ListItem\",\"position\":1,\"name\":\"Startseite\",\"item\":\"https:\/\/dlb-aoer.de\/neu-isenburg\/\"},{\"@type\":\"ListItem\",\"position\":2,\"name\":\"Abfall\",\"item\":\"https:\/\/dlb-aoer.de\/neu-isenburg\/abfall\/\"},{\"@type\":\"ListItem\",\"position\":3,\"name\":\"Wertstoffhof\"}]},{\"@type\":\"WebSite\",\"@id\":\"https:\/\/dlb-aoer.de\/neu-isenburg\/#website\",\"url\":\"https:\/\/dlb-aoer.de\/neu-isenburg\/\",\"name\":\"DLB Neu-Isenburg\",\"description\":\"\",\"publisher\":{\"@id\":\"https:\/\/dlb-aoer.de\/neu-isenburg\/#organization\"},\"potentialAction\":[{\"@type\":\"SearchAction\",\"target\":{\"@type\":\"EntryPoint\",\"urlTemplate\":\"https:\/\/dlb-aoer.de\/neu-isenburg\/?s={search_term_string}\"},\"query-input\":\"required name=search_term_string\"}],\"inLanguage\":\"de\"},{\"@type\":\"Organization\",\"@id\":\"https:\/\/dlb-aoer.de\/neu-isenburg\/#organization\",\"name\":\"Dienstleistungsbetrieb Dreieich und Neu-Isenburg A\u00f6R\",\"url\":\"https:\/\/dlb-aoer.de\/neu-isenburg\/\",\"logo\":{\"@type\":\"ImageObject\",\"inLanguage\":\"de\",\"@id\":\"https:\/\/dlb-aoer.de\/neu-isenburg\/#\/schema\/logo\/image\/\",\"url\":\"https:\/\/dlb-aoer.de\/neu-isenburg\/wp-content\/uploads\/sites\/2\/2019\/10\/DLB_Logo_orange.svg\",\"contentUrl\":\"https:\/\/dlb-aoer.de\/neu-isenburg\/wp-content\/uploads\/sites\/2\/2019\/10\/DLB_Logo_orange.svg\",\"width\":1,\"height\":1,\"caption\":\"Dienstleistungsbetrieb Dreieich und Neu-Isenburg A\u00f6R\"},\"image\":{\"@id\":\"https:\/\/dlb-aoer.de\/neu-isenburg\/#\/schema\/logo\/image\/\"}}]}<\/script>\n<!-- \/ Yoast SEO plugin. -->","yoast_head_json":{"title":"Wertstoffhof - DLB Neu-Isenburg","robots":{"index":"index","follow":"follow","max-snippet":"max-snippet:-1","max-image-preview":"max-image-preview:large","max-video-preview":"max-video-preview:-1"},"canonical":"https:\/\/dlb-aoer.de\/neu-isenburg\/abfall\/wertstoffhof\/","og_locale":"de_DE","og_type":"article","og_title":"Wertstoffhof - DLB Neu-Isenburg","og_description":"Informationen zu \u00d6ffnungszeiten und der Wertstoffannahme.","og_url":"https:\/\/dlb-aoer.de\/neu-isenburg\/abfall\/wertstoffhof\/","og_site_name":"DLB Neu-Isenburg","article_modified_time":"2026-04-23T13:17:29+00:00","og_image":[{"width":600,"height":450,"url":"https:\/\/dlb-aoer.de\/neu-isenburg\/wp-content\/uploads\/sites\/2\/2019\/05\/Abfall_Wertstoffhof.jpg","type":"image\/jpeg"}],"twitter_card":"summary_large_image","twitter_misc":{"Gesch\u00e4tzte Lesezeit":"2\u00a0Minuten"},"schema":{"@context":"https:\/\/schema.org","@graph":[{"@type":"WebPage","@id":"https:\/\/dlb-aoer.de\/neu-isenburg\/abfall\/wertstoffhof\/","url":"https:\/\/dlb-aoer.de\/neu-isenburg\/abfall\/wertstoffhof\/","name":"Wertstoffhof - DLB Neu-Isenburg","isPartOf":{"@id":"https:\/\/dlb-aoer.de\/neu-isenburg\/#website"},"datePublished":"2019-05-12T16:07:13+00:00","dateModified":"2026-04-23T13:17:29+00:00","breadcrumb":{"@id":"https:\/\/dlb-aoer.de\/neu-isenburg\/abfall\/wertstoffhof\/#breadcrumb"},"inLanguage":"de","potentialAction":[{"@type":"ReadAction","target":["https:\/\/dlb-aoer.de\/neu-isenburg\/abfall\/wertstoffhof\/"]}]},{"@type":"BreadcrumbList","@id":"https:\/\/dlb-aoer.de\/neu-isenburg\/abfall\/wertstoffhof\/#breadcrumb","itemListElement":[{"@type":"ListItem","position":1,"name":"Startseite","item":"https:\/\/dlb-aoer.de\/neu-isenburg\/"},{"@type":"ListItem","position":2,"name":"Abfall","item":"https:\/\/dlb-aoer.de\/neu-isenburg\/abfall\/"},{"@type":"ListItem","position":3,"name":"Wertstoffhof"}]},{"@type":"WebSite","@id":"https:\/\/dlb-aoer.de\/neu-isenburg\/#website","url":"https:\/\/dlb-aoer.de\/neu-isenburg\/","name":"DLB Neu-Isenburg","description":"","publisher":{"@id":"https:\/\/dlb-aoer.de\/neu-isenburg\/#organization"},"potentialAction":[{"@type":"SearchAction","target":{"@type":"EntryPoint","urlTemplate":"https:\/\/dlb-aoer.de\/neu-isenburg\/?s={search_term_string}"},"query-input":"required name=search_term_string"}],"inLanguage":"de"},{"@type":"Organization","@id":"https:\/\/dlb-aoer.de\/neu-isenburg\/#organization","name":"Dienstleistungsbetrieb Dreieich und Neu-Isenburg A\u00f6R","url":"https:\/\/dlb-aoer.de\/neu-isenburg\/","logo":{"@type":"ImageObject","inLanguage":"de","@id":"https:\/\/dlb-aoer.de\/neu-isenburg\/#\/schema\/logo\/image\/","url":"https:\/\/dlb-aoer.de\/neu-isenburg\/wp-content\/uploads\/sites\/2\/2019\/10\/DLB_Logo_orange.svg","contentUrl":"https:\/\/dlb-aoer.de\/neu-isenburg\/wp-content\/uploads\/sites\/2\/2019\/10\/DLB_Logo_orange.svg","width":1,"height":1,"caption":"Dienstleistungsbetrieb Dreieich und Neu-Isenburg A\u00f6R"},"image":{"@id":"https:\/\/dlb-aoer.de\/neu-isenburg\/#\/schema\/logo\/image\/"}}]}},"_links":{"self":[{"href":"https:\/\/dlb-aoer.de\/neu-isenburg\/wp-json\/wp\/v2\/pages\/155","targetHints":{"allow":["GET"]}}],"collection":[{"href":"https:\/\/dlb-aoer.de\/neu-isenburg\/wp-json\/wp\/v2\/pages"}],"about":[{"href":"https:\/\/dlb-aoer.de\/neu-isenburg\/wp-json\/wp\/v2\/types\/page"}],"author":[{"embeddable":true,"href":"https:\/\/dlb-aoer.de\/neu-isenburg\/wp-json\/wp\/v2\/users\/2"}],"replies":[{"embeddable":true,"href":"https:\/\/dlb-aoer.de\/neu-isenburg\/wp-json\/wp\/v2\/comments?post=155"}],"version-history":[{"count":73,"href":"https:\/\/dlb-aoer.de\/neu-isenburg\/wp-json\/wp\/v2\/pages\/155\/revisions"}],"predecessor-version":[{"id":5872,"href":"https:\/\/dlb-aoer.de\/neu-isenburg\/wp-json\/wp\/v2\/pages\/155\/revisions\/5872"}],"up":[{"embeddable":true,"href":"https:\/\/dlb-aoer.de\/neu-isenburg\/wp-json\/wp\/v2\/pages\/13"}],"wp:featuredmedia":[{"embeddable":true,"href":"https:\/\/dlb-aoer.de\/neu-isenburg\/wp-json\/wp\/v2\/media\/428"}],"wp:attachment":[{"href":"https:\/\/dlb-aoer.de\/neu-isenburg\/wp-json\/wp\/v2\/media?parent=155"}],"curies":[{"name":"wp","href":"https:\/\/api.w.org\/{rel}","templated":true}]}}