{"id":3609,"date":"2023-08-08T12:59:40","date_gmt":"2023-08-08T10:59:40","guid":{"rendered":"https:\/\/dlb-aoer.de\/dreieich\/?page_id=3609"},"modified":"2026-03-10T09:30:56","modified_gmt":"2026-03-10T08:30:56","slug":"fruehjahrsputz-dreieich","status":"publish","type":"page","link":"https:\/\/dlb-aoer.de\/dreieich\/strassen\/strassenreinigung\/fruehjahrsputz-dreieich\/","title":{"rendered":"Fr\u00fchjahrsputz"},"content":{"rendered":"\t\t<div data-elementor-type=\"wp-post\" data-elementor-id=\"3609\" class=\"elementor elementor-3609\">\n\t\t\t\t\t\t\t\t\t<section class=\"elementor-section elementor-top-section elementor-element elementor-element-9069b1a elementor-section-stretched elementor-section-boxed elementor-section-height-default elementor-section-height-default\" data-id=\"9069b1a\" data-element_type=\"section\" data-settings=\"{&quot;stretch_section&quot;:&quot;section-stretched&quot;}\">\n\t\t\t\t\t\t<div class=\"elementor-container elementor-column-gap-default\">\n\t\t\t\t\t<div class=\"elementor-column elementor-col-100 elementor-top-column elementor-element elementor-element-d46aebd\" data-id=\"d46aebd\" data-element_type=\"column\">\n\t\t\t<div class=\"elementor-widget-wrap elementor-element-populated\">\n\t\t\t\t\t\t\t\t<section class=\"elementor-section elementor-inner-section elementor-element elementor-element-fc4ca50 border-plus-margin elementor-section-boxed elementor-section-height-default elementor-section-height-default\" data-id=\"fc4ca50\" data-element_type=\"section\" data-settings=\"{&quot;background_background&quot;:&quot;classic&quot;}\">\n\t\t\t\t\t\t<div class=\"elementor-container elementor-column-gap-default\">\n\t\t\t\t\t<div class=\"elementor-column elementor-col-50 elementor-inner-column elementor-element elementor-element-3f4d737 bo\" data-id=\"3f4d737\" data-element_type=\"column\">\n\t\t\t<div class=\"elementor-widget-wrap elementor-element-populated\">\n\t\t\t\t\t\t\t\t<div class=\"elementor-element elementor-element-bda1da2 elementor-widget elementor-widget-heading\" data-id=\"bda1da2\" data-element_type=\"widget\" data-widget_type=\"heading.default\">\n\t\t\t\t<div class=\"elementor-widget-container\">\n\t\t\t<h2 class=\"elementor-heading-title elementor-size-default\">Im Fr\u00fchjahr 2027 ist es wieder soweit!<\/h2>\t\t<\/div>\n\t\t\t\t<\/div>\n\t\t\t\t<div class=\"elementor-element elementor-element-45cb27f elementor-widget elementor-widget-text-editor\" data-id=\"45cb27f\" data-element_type=\"widget\" data-widget_type=\"text-editor.default\">\n\t\t\t\t<div class=\"elementor-widget-container\">\n\t\t\t\t\t\t\t<div class=\"elementor-element elementor-element-2a2c2de elementor-widget elementor-widget-text-editor\" data-id=\"2a2c2de\" data-element_type=\"widget\" data-widget_type=\"text-editor.default\"><div class=\"elementor-widget-container\"><p>Wir laden Sie alle zu der gemeinsamen Aktion \u201eFr\u00fchjahrsputz\u201c ein. Wir wollen an einem Samstag im Fr\u00fchjahr an mehreren Stellen <strong>ab 9 Uhr<\/strong> all dem Unrat, M\u00fcll, Abfall und Ger\u00fcmpel zu Leibe r\u00fccken.<\/p><\/div><\/div>\t\t\t\t\t\t<\/div>\n\t\t\t\t<\/div>\n\t\t\t\t\t<\/div>\n\t\t<\/div>\n\t\t\t\t<div class=\"elementor-column elementor-col-50 elementor-inner-column elementor-element elementor-element-f7ed95e\" data-id=\"f7ed95e\" data-element_type=\"column\">\n\t\t\t<div class=\"elementor-widget-wrap elementor-element-populated\">\n\t\t\t\t\t\t\t\t<div class=\"elementor-element elementor-element-a586d85 elementor-widget elementor-widget-image\" data-id=\"a586d85\" data-element_type=\"widget\" data-widget_type=\"image.default\">\n\t\t\t\t<div class=\"elementor-widget-container\">\n\t\t\t\t\t\t\t\t\t\t\t\t\t\t\t<img loading=\"lazy\" decoding=\"async\" width=\"1024\" height=\"675\" src=\"https:\/\/dlb-aoer.de\/dreieich\/wp-content\/uploads\/sites\/4\/2024\/03\/Stadtsauberkeit-1024x675.jpg\" class=\"attachment-large size-large wp-image-4102\" alt=\"\" srcset=\"https:\/\/dlb-aoer.de\/dreieich\/wp-content\/uploads\/sites\/4\/2024\/03\/Stadtsauberkeit-1024x675.jpg 1024w, https:\/\/dlb-aoer.de\/dreieich\/wp-content\/uploads\/sites\/4\/2024\/03\/Stadtsauberkeit-300x198.jpg 300w, https:\/\/dlb-aoer.de\/dreieich\/wp-content\/uploads\/sites\/4\/2024\/03\/Stadtsauberkeit-768x506.jpg 768w, https:\/\/dlb-aoer.de\/dreieich\/wp-content\/uploads\/sites\/4\/2024\/03\/Stadtsauberkeit-1536x1012.jpg 1536w, https:\/\/dlb-aoer.de\/dreieich\/wp-content\/uploads\/sites\/4\/2024\/03\/Stadtsauberkeit-2048x1349.jpg 2048w, https:\/\/dlb-aoer.de\/dreieich\/wp-content\/uploads\/sites\/4\/2024\/03\/Stadtsauberkeit-1000x659.jpg 1000w, https:\/\/dlb-aoer.de\/dreieich\/wp-content\/uploads\/sites\/4\/2024\/03\/Stadtsauberkeit-230x152.jpg 230w, https:\/\/dlb-aoer.de\/dreieich\/wp-content\/uploads\/sites\/4\/2024\/03\/Stadtsauberkeit-350x231.jpg 350w, https:\/\/dlb-aoer.de\/dreieich\/wp-content\/uploads\/sites\/4\/2024\/03\/Stadtsauberkeit-480x316.jpg 480w\" sizes=\"auto, (max-width: 1024px) 100vw, 1024px\" \/>\t\t\t\t\t\t\t\t\t\t\t\t\t\t\t<\/div>\n\t\t\t\t<\/div>\n\t\t\t\t\t<\/div>\n\t\t<\/div>\n\t\t\t\t\t\t\t<\/div>\n\t\t<\/section>\n\t\t\t\t<section class=\"elementor-section elementor-inner-section elementor-element elementor-element-8bc6f35 border-plus-margin elementor-section-boxed elementor-section-height-default elementor-section-height-default\" data-id=\"8bc6f35\" data-element_type=\"section\" data-settings=\"{&quot;background_background&quot;:&quot;classic&quot;}\">\n\t\t\t\t\t\t<div class=\"elementor-container elementor-column-gap-default\">\n\t\t\t\t\t<div class=\"elementor-column elementor-col-100 elementor-inner-column elementor-element elementor-element-bf86d66 bo\" data-id=\"bf86d66\" data-element_type=\"column\">\n\t\t\t<div class=\"elementor-widget-wrap elementor-element-populated\">\n\t\t\t\t\t\t\t\t<div class=\"elementor-element elementor-element-08723f9 elementor-widget elementor-widget-heading\" data-id=\"08723f9\" data-element_type=\"widget\" data-widget_type=\"heading.default\">\n\t\t\t\t<div class=\"elementor-widget-container\">\n\t\t\t<h2 class=\"elementor-heading-title elementor-size-default\">Machen Sie mit!<\/h2>\t\t<\/div>\n\t\t\t\t<\/div>\n\t\t\t\t<div class=\"elementor-element elementor-element-fe89c02 elementor-widget elementor-widget-text-editor\" data-id=\"fe89c02\" data-element_type=\"widget\" data-widget_type=\"text-editor.default\">\n\t\t\t\t<div class=\"elementor-widget-container\">\n\t\t\t\t\t\t\t<p>Machen Sie mit. Wir freuen uns auf Ihre Unterst\u00fctzung. Die DLB A\u00f6R stellt Materialien wie Zangen, M\u00fclls\u00e4cke und Handschuhe bereit und k\u00fcmmert sich um die Entsorgung des gesammelten M\u00fclls.<\/p><p>Im Anschluss an den Fr\u00fchjahrsputz laden wir alle Helferinnen und Helfer zu einem Imbiss in das B\u00fcrgerhaus, Fichtestra\u00dfe 50 ein.<\/p>\t\t\t\t\t\t<\/div>\n\t\t\t\t<\/div>\n\t\t\t\t<div class=\"elementor-element elementor-element-b56d172 elementor-widget elementor-widget-heading\" data-id=\"b56d172\" data-element_type=\"widget\" data-widget_type=\"heading.default\">\n\t\t\t\t<div class=\"elementor-widget-container\">\n\t\t\t<h2 class=\"elementor-heading-title elementor-size-default\">Was m\u00fcssen Sie tun?<\/h2>\t\t<\/div>\n\t\t\t\t<\/div>\n\t\t\t\t<div class=\"elementor-element elementor-element-bcf97d7 elementor-widget elementor-widget-text-editor\" data-id=\"bcf97d7\" data-element_type=\"widget\" data-widget_type=\"text-editor.default\">\n\t\t\t\t<div class=\"elementor-widget-container\">\n\t\t\t\t\t\t\t<div class=\"elementor-element elementor-element-e5cddcb elementor-widget elementor-widget-text-editor\" data-id=\"e5cddcb\" data-element_type=\"widget\" data-widget_type=\"text-editor.default\"><div class=\"elementor-widget-container\">Sobald der Termin feststeht gibt es weitere Informationen zur Anmeldung.<\/div><\/div>\t\t\t\t\t\t<\/div>\n\t\t\t\t<\/div>\n\t\t\t\t\t<\/div>\n\t\t<\/div>\n\t\t\t\t\t\t\t<\/div>\n\t\t<\/section>\n\t\t\t\t<section class=\"elementor-section elementor-inner-section elementor-element elementor-element-07622cb border-plus-margin elementor-section-boxed elementor-section-height-default elementor-section-height-default\" data-id=\"07622cb\" data-element_type=\"section\" data-settings=\"{&quot;background_background&quot;:&quot;classic&quot;}\">\n\t\t\t\t\t\t<div class=\"elementor-container elementor-column-gap-default\">\n\t\t\t\t\t<div class=\"elementor-column elementor-col-100 elementor-inner-column elementor-element elementor-element-3838859 bo\" data-id=\"3838859\" data-element_type=\"column\">\n\t\t\t<div class=\"elementor-widget-wrap elementor-element-populated\">\n\t\t\t\t\t\t\t\t<div class=\"elementor-element elementor-element-c345f50 elementor-widget elementor-widget-heading\" data-id=\"c345f50\" data-element_type=\"widget\" data-widget_type=\"heading.default\">\n\t\t\t\t<div class=\"elementor-widget-container\">\n\t\t\t<h2 class=\"elementor-heading-title elementor-size-default\">Das war der Fr\u00fchjahrsputz 2026<\/h2>\t\t<\/div>\n\t\t\t\t<\/div>\n\t\t\t\t<div class=\"elementor-element elementor-element-973afbf elementor-widget elementor-widget-text-editor\" data-id=\"973afbf\" data-element_type=\"widget\" data-widget_type=\"text-editor.default\">\n\t\t\t\t<div class=\"elementor-widget-container\">\n\t\t\t\t\t\t\t<p>Dreieich ist ein gro\u00dfes St\u00fcck sauberer geworden. Zahlreiche B\u00fcrgerinnen und B\u00fcrger machten sich am Samstag, 07. M\u00e4rz, anl\u00e4sslich des Fr\u00fchjahrsputzes auf den Weg und befreiten ihre Stadt von herumliegendem M\u00fcll.<\/p><p>Die Mitarbeitenden des DLB erwarteten wie jedes Jahr die zahlreichen Helfer und statteten sie mit Handschuhen, Zangen und M\u00fclls\u00e4cken aus. Viele treue Helferinnen und Helfer, aber auch neue Gesichter waren im Einsatz beim Kampf gegen den M\u00fcll.<\/p><p>In Dreieich haben mehr als 350 Teilnehmende ca. 16 Kubikmeter M\u00fcll und Abfall eingesammelt.<\/p><p>Mehr dazu hier: <a href=\"https:\/\/dlb-aoer.de\/dreieich\/fruehjahrsputz-2026\/\">Auswertung Fr\u00fchjahrsputz<\/a><\/p>\t\t\t\t\t\t<\/div>\n\t\t\t\t<\/div>\n\t\t\t\t\t<\/div>\n\t\t<\/div>\n\t\t\t\t\t\t\t<\/div>\n\t\t<\/section>\n\t\t\t\t<section class=\"elementor-section elementor-inner-section elementor-element elementor-element-c25d6d9 border-plus-margin elementor-section-boxed elementor-section-height-default elementor-section-height-default\" data-id=\"c25d6d9\" data-element_type=\"section\" data-settings=\"{&quot;background_background&quot;:&quot;classic&quot;}\">\n\t\t\t\t\t\t<div class=\"elementor-container elementor-column-gap-default\">\n\t\t\t\t\t<div class=\"elementor-column elementor-col-50 elementor-inner-column elementor-element elementor-element-717cc47\" data-id=\"717cc47\" data-element_type=\"column\">\n\t\t\t<div class=\"elementor-widget-wrap elementor-element-populated\">\n\t\t\t\t\t\t\t\t<div class=\"elementor-element elementor-element-8cbc213 elementor-widget elementor-widget-image\" data-id=\"8cbc213\" data-element_type=\"widget\" data-widget_type=\"image.default\">\n\t\t\t\t<div class=\"elementor-widget-container\">\n\t\t\t\t\t\t\t\t\t\t\t\t\t\t\t<img loading=\"lazy\" decoding=\"async\" width=\"550\" height=\"400\" src=\"https:\/\/dlb-aoer.de\/dreieich\/wp-content\/uploads\/sites\/4\/2026\/03\/1-Dreieich-FreyeGefolgschaft-550x400.jpeg\" class=\"attachment-sydney-medium-thumb size-sydney-medium-thumb wp-image-5068\" alt=\"Gruppenbild der Freyen Gefolgschaft zum Fr\u00fchjahrsputz\" \/>\t\t\t\t\t\t\t\t\t\t\t\t\t\t\t<\/div>\n\t\t\t\t<\/div>\n\t\t\t\t<div class=\"elementor-element elementor-element-6fd1600 elementor-widget elementor-widget-image\" data-id=\"6fd1600\" data-element_type=\"widget\" data-widget_type=\"image.default\">\n\t\t\t\t<div class=\"elementor-widget-container\">\n\t\t\t\t\t\t\t\t\t\t\t\t\t\t\t<img loading=\"lazy\" decoding=\"async\" width=\"550\" height=\"400\" src=\"https:\/\/dlb-aoer.de\/dreieich\/wp-content\/uploads\/sites\/4\/2026\/03\/1-Dreieich-Dreieichhoernchen-550x400.jpg\" class=\"attachment-sydney-medium-thumb size-sydney-medium-thumb wp-image-5067\" alt=\"Gruppenbild der Dreieichh\u00f6rnchen zum Fr\u00fchjahrsputz\" \/>\t\t\t\t\t\t\t\t\t\t\t\t\t\t\t<\/div>\n\t\t\t\t<\/div>\n\t\t\t\t\t<\/div>\n\t\t<\/div>\n\t\t\t\t<div class=\"elementor-column elementor-col-50 elementor-inner-column elementor-element elementor-element-7011bdb\" data-id=\"7011bdb\" data-element_type=\"column\">\n\t\t\t<div class=\"elementor-widget-wrap elementor-element-populated\">\n\t\t\t\t\t\t\t\t<div class=\"elementor-element elementor-element-53f8e4a elementor-widget elementor-widget-image\" data-id=\"53f8e4a\" data-element_type=\"widget\" data-widget_type=\"image.default\">\n\t\t\t\t<div class=\"elementor-widget-container\">\n\t\t\t\t\t\t\t\t\t\t\t\t\t\t\t<img loading=\"lazy\" decoding=\"async\" width=\"550\" height=\"400\" src=\"https:\/\/dlb-aoer.de\/dreieich\/wp-content\/uploads\/sites\/4\/2026\/03\/1-Dreieich-Hr.-BurlonmitFeuerwehr-550x400.jpeg\" class=\"attachment-sydney-medium-thumb size-sydney-medium-thumb wp-image-5069\" alt=\"Gruppenbild der Jugendfeuerwehr Offenthal gemeinsam mit B\u00fcrgermeister Martin Burlon\" \/>\t\t\t\t\t\t\t\t\t\t\t\t\t\t\t<\/div>\n\t\t\t\t<\/div>\n\t\t\t\t<div class=\"elementor-element elementor-element-bab1c23 elementor-widget elementor-widget-image\" data-id=\"bab1c23\" data-element_type=\"widget\" data-widget_type=\"image.default\">\n\t\t\t\t<div class=\"elementor-widget-container\">\n\t\t\t\t\t\t\t\t\t\t\t\t\t\t\t<img loading=\"lazy\" decoding=\"async\" width=\"550\" height=\"400\" src=\"https:\/\/dlb-aoer.de\/dreieich\/wp-content\/uploads\/sites\/4\/2026\/03\/1-Dreieich-Messdiener-St.-Laurentius-550x400.jpg\" class=\"attachment-sydney-medium-thumb size-sydney-medium-thumb wp-image-5070\" alt=\"Gruppenbild der Messdiener St. Laurentius zum Fr\u00fchjahrsputz\" \/>\t\t\t\t\t\t\t\t\t\t\t\t\t\t\t<\/div>\n\t\t\t\t<\/div>\n\t\t\t\t\t<\/div>\n\t\t<\/div>\n\t\t\t\t\t\t\t<\/div>\n\t\t<\/section>\n\t\t\t\t\t<\/div>\n\t\t<\/div>\n\t\t\t\t\t\t\t<\/div>\n\t\t<\/section>\n\t\t\t\t\t\t\t<\/div>\n\t\t","protected":false},"excerpt":{"rendered":"<p>Im Fr\u00fchjahr 2027 ist es wieder soweit! Wir laden Sie alle zu der gemeinsamen Aktion \u201eFr\u00fchjahrsputz\u201c ein. Wir wollen an einem Samstag [&hellip;]<\/p>\n","protected":false},"author":2,"featured_media":4730,"parent":323,"menu_order":3,"comment_status":"closed","ping_status":"closed","template":"","meta":{"inline_featured_image":false,"footnotes":"","_links_to":"","_links_to_target":""},"class_list":["post-3609","page","type-page","status-publish","has-post-thumbnail","hentry"],"yoast_head":"<!-- This site is optimized with the Yoast SEO plugin v21.6 - https:\/\/yoast.com\/wordpress\/plugins\/seo\/ -->\n<title>Fr\u00fchjahrsputz - DLB Dreieich<\/title>\n<meta name=\"robots\" content=\"index, follow, max-snippet:-1, max-image-preview:large, max-video-preview:-1\" \/>\n<link rel=\"canonical\" href=\"https:\/\/dlb-aoer.de\/dreieich\/strassen\/strassenreinigung\/fruehjahrsputz-dreieich\/\" \/>\n<meta property=\"og:locale\" content=\"de_DE\" \/>\n<meta property=\"og:type\" content=\"article\" \/>\n<meta property=\"og:title\" content=\"Fr\u00fchjahrsputz - DLB Dreieich\" \/>\n<meta property=\"og:description\" content=\"Im Fr\u00fchjahr 2027 ist es wieder soweit! Wir laden Sie alle zu der gemeinsamen Aktion \u201eFr\u00fchjahrsputz\u201c ein. Wir wollen an einem Samstag [&hellip;]\" \/>\n<meta property=\"og:url\" content=\"https:\/\/dlb-aoer.de\/dreieich\/strassen\/strassenreinigung\/fruehjahrsputz-dreieich\/\" \/>\n<meta property=\"og:site_name\" content=\"DLB Dreieich\" \/>\n<meta property=\"article:modified_time\" content=\"2026-03-10T08:30:56+00:00\" \/>\n<meta property=\"og:image\" content=\"https:\/\/dlb-aoer.de\/dreieich\/wp-content\/uploads\/sites\/4\/2025\/07\/Seitenbild-Fruehjahrsputz.jpg\" \/>\n\t<meta property=\"og:image:width\" content=\"1246\" \/>\n\t<meta property=\"og:image:height\" content=\"1034\" \/>\n\t<meta property=\"og:image:type\" content=\"image\/jpeg\" \/>\n<meta name=\"twitter:card\" content=\"summary_large_image\" \/>\n<meta name=\"twitter:label1\" content=\"Gesch\u00e4tzte Lesezeit\" \/>\n\t<meta name=\"twitter:data1\" content=\"3\u00a0Minuten\" \/>\n<script type=\"application\/ld+json\" class=\"yoast-schema-graph\">{\"@context\":\"https:\/\/schema.org\",\"@graph\":[{\"@type\":\"WebPage\",\"@id\":\"https:\/\/dlb-aoer.de\/dreieich\/strassen\/strassenreinigung\/fruehjahrsputz-dreieich\/\",\"url\":\"https:\/\/dlb-aoer.de\/dreieich\/strassen\/strassenreinigung\/fruehjahrsputz-dreieich\/\",\"name\":\"Fr\u00fchjahrsputz - DLB Dreieich\",\"isPartOf\":{\"@id\":\"https:\/\/dlb-aoer.de\/dreieich\/#website\"},\"datePublished\":\"2023-08-08T10:59:40+00:00\",\"dateModified\":\"2026-03-10T08:30:56+00:00\",\"breadcrumb\":{\"@id\":\"https:\/\/dlb-aoer.de\/dreieich\/strassen\/strassenreinigung\/fruehjahrsputz-dreieich\/#breadcrumb\"},\"inLanguage\":\"de\",\"potentialAction\":[{\"@type\":\"ReadAction\",\"target\":[\"https:\/\/dlb-aoer.de\/dreieich\/strassen\/strassenreinigung\/fruehjahrsputz-dreieich\/\"]}]},{\"@type\":\"BreadcrumbList\",\"@id\":\"https:\/\/dlb-aoer.de\/dreieich\/strassen\/strassenreinigung\/fruehjahrsputz-dreieich\/#breadcrumb\",\"itemListElement\":[{\"@type\":\"ListItem\",\"position\":1,\"name\":\"Startseite\",\"item\":\"https:\/\/dlb-aoer.de\/dreieich\/\"},{\"@type\":\"ListItem\",\"position\":2,\"name\":\"Stra\u00dfen\",\"item\":\"https:\/\/dlb-aoer.de\/dreieich\/strassen\/\"},{\"@type\":\"ListItem\",\"position\":3,\"name\":\"Stra\u00dfenreinigung\",\"item\":\"https:\/\/dlb-aoer.de\/dreieich\/strassen\/strassenreinigung\/\"},{\"@type\":\"ListItem\",\"position\":4,\"name\":\"Fr\u00fchjahrsputz\"}]},{\"@type\":\"WebSite\",\"@id\":\"https:\/\/dlb-aoer.de\/dreieich\/#website\",\"url\":\"https:\/\/dlb-aoer.de\/dreieich\/\",\"name\":\"DLB Dreieich\",\"description\":\"\",\"publisher\":{\"@id\":\"https:\/\/dlb-aoer.de\/dreieich\/#organization\"},\"potentialAction\":[{\"@type\":\"SearchAction\",\"target\":{\"@type\":\"EntryPoint\",\"urlTemplate\":\"https:\/\/dlb-aoer.de\/dreieich\/?s={search_term_string}\"},\"query-input\":\"required name=search_term_string\"}],\"inLanguage\":\"de\"},{\"@type\":\"Organization\",\"@id\":\"https:\/\/dlb-aoer.de\/dreieich\/#organization\",\"name\":\"Dienstleistungsbetrieb Dreieich und Neu-Isenburg A\u00f6R\",\"url\":\"https:\/\/dlb-aoer.de\/dreieich\/\",\"logo\":{\"@type\":\"ImageObject\",\"inLanguage\":\"de\",\"@id\":\"https:\/\/dlb-aoer.de\/dreieich\/#\/schema\/logo\/image\/\",\"url\":\"https:\/\/dlb-aoer.de\/dreieich\/wp-content\/uploads\/sites\/4\/2019\/10\/DLB_Logo_orange.svg\",\"contentUrl\":\"https:\/\/dlb-aoer.de\/dreieich\/wp-content\/uploads\/sites\/4\/2019\/10\/DLB_Logo_orange.svg\",\"width\":1,\"height\":1,\"caption\":\"Dienstleistungsbetrieb Dreieich und Neu-Isenburg A\u00f6R\"},\"image\":{\"@id\":\"https:\/\/dlb-aoer.de\/dreieich\/#\/schema\/logo\/image\/\"}}]}<\/script>\n<!-- \/ Yoast SEO plugin. -->","yoast_head_json":{"title":"Fr\u00fchjahrsputz - DLB Dreieich","robots":{"index":"index","follow":"follow","max-snippet":"max-snippet:-1","max-image-preview":"max-image-preview:large","max-video-preview":"max-video-preview:-1"},"canonical":"https:\/\/dlb-aoer.de\/dreieich\/strassen\/strassenreinigung\/fruehjahrsputz-dreieich\/","og_locale":"de_DE","og_type":"article","og_title":"Fr\u00fchjahrsputz - DLB Dreieich","og_description":"Im Fr\u00fchjahr 2027 ist es wieder soweit! Wir laden Sie alle zu der gemeinsamen Aktion \u201eFr\u00fchjahrsputz\u201c ein. Wir wollen an einem Samstag [&hellip;]","og_url":"https:\/\/dlb-aoer.de\/dreieich\/strassen\/strassenreinigung\/fruehjahrsputz-dreieich\/","og_site_name":"DLB Dreieich","article_modified_time":"2026-03-10T08:30:56+00:00","og_image":[{"width":1246,"height":1034,"url":"https:\/\/dlb-aoer.de\/dreieich\/wp-content\/uploads\/sites\/4\/2025\/07\/Seitenbild-Fruehjahrsputz.jpg","type":"image\/jpeg"}],"twitter_card":"summary_large_image","twitter_misc":{"Gesch\u00e4tzte Lesezeit":"3\u00a0Minuten"},"schema":{"@context":"https:\/\/schema.org","@graph":[{"@type":"WebPage","@id":"https:\/\/dlb-aoer.de\/dreieich\/strassen\/strassenreinigung\/fruehjahrsputz-dreieich\/","url":"https:\/\/dlb-aoer.de\/dreieich\/strassen\/strassenreinigung\/fruehjahrsputz-dreieich\/","name":"Fr\u00fchjahrsputz - DLB Dreieich","isPartOf":{"@id":"https:\/\/dlb-aoer.de\/dreieich\/#website"},"datePublished":"2023-08-08T10:59:40+00:00","dateModified":"2026-03-10T08:30:56+00:00","breadcrumb":{"@id":"https:\/\/dlb-aoer.de\/dreieich\/strassen\/strassenreinigung\/fruehjahrsputz-dreieich\/#breadcrumb"},"inLanguage":"de","potentialAction":[{"@type":"ReadAction","target":["https:\/\/dlb-aoer.de\/dreieich\/strassen\/strassenreinigung\/fruehjahrsputz-dreieich\/"]}]},{"@type":"BreadcrumbList","@id":"https:\/\/dlb-aoer.de\/dreieich\/strassen\/strassenreinigung\/fruehjahrsputz-dreieich\/#breadcrumb","itemListElement":[{"@type":"ListItem","position":1,"name":"Startseite","item":"https:\/\/dlb-aoer.de\/dreieich\/"},{"@type":"ListItem","position":2,"name":"Stra\u00dfen","item":"https:\/\/dlb-aoer.de\/dreieich\/strassen\/"},{"@type":"ListItem","position":3,"name":"Stra\u00dfenreinigung","item":"https:\/\/dlb-aoer.de\/dreieich\/strassen\/strassenreinigung\/"},{"@type":"ListItem","position":4,"name":"Fr\u00fchjahrsputz"}]},{"@type":"WebSite","@id":"https:\/\/dlb-aoer.de\/dreieich\/#website","url":"https:\/\/dlb-aoer.de\/dreieich\/","name":"DLB Dreieich","description":"","publisher":{"@id":"https:\/\/dlb-aoer.de\/dreieich\/#organization"},"potentialAction":[{"@type":"SearchAction","target":{"@type":"EntryPoint","urlTemplate":"https:\/\/dlb-aoer.de\/dreieich\/?s={search_term_string}"},"query-input":"required name=search_term_string"}],"inLanguage":"de"},{"@type":"Organization","@id":"https:\/\/dlb-aoer.de\/dreieich\/#organization","name":"Dienstleistungsbetrieb Dreieich und Neu-Isenburg A\u00f6R","url":"https:\/\/dlb-aoer.de\/dreieich\/","logo":{"@type":"ImageObject","inLanguage":"de","@id":"https:\/\/dlb-aoer.de\/dreieich\/#\/schema\/logo\/image\/","url":"https:\/\/dlb-aoer.de\/dreieich\/wp-content\/uploads\/sites\/4\/2019\/10\/DLB_Logo_orange.svg","contentUrl":"https:\/\/dlb-aoer.de\/dreieich\/wp-content\/uploads\/sites\/4\/2019\/10\/DLB_Logo_orange.svg","width":1,"height":1,"caption":"Dienstleistungsbetrieb Dreieich und Neu-Isenburg A\u00f6R"},"image":{"@id":"https:\/\/dlb-aoer.de\/dreieich\/#\/schema\/logo\/image\/"}}]}},"_links":{"self":[{"href":"https:\/\/dlb-aoer.de\/dreieich\/wp-json\/wp\/v2\/pages\/3609","targetHints":{"allow":["GET"]}}],"collection":[{"href":"https:\/\/dlb-aoer.de\/dreieich\/wp-json\/wp\/v2\/pages"}],"about":[{"href":"https:\/\/dlb-aoer.de\/dreieich\/wp-json\/wp\/v2\/types\/page"}],"author":[{"embeddable":true,"href":"https:\/\/dlb-aoer.de\/dreieich\/wp-json\/wp\/v2\/users\/2"}],"replies":[{"embeddable":true,"href":"https:\/\/dlb-aoer.de\/dreieich\/wp-json\/wp\/v2\/comments?post=3609"}],"version-history":[{"count":91,"href":"https:\/\/dlb-aoer.de\/dreieich\/wp-json\/wp\/v2\/pages\/3609\/revisions"}],"predecessor-version":[{"id":5074,"href":"https:\/\/dlb-aoer.de\/dreieich\/wp-json\/wp\/v2\/pages\/3609\/revisions\/5074"}],"up":[{"embeddable":true,"href":"https:\/\/dlb-aoer.de\/dreieich\/wp-json\/wp\/v2\/pages\/323"}],"wp:featuredmedia":[{"embeddable":true,"href":"https:\/\/dlb-aoer.de\/dreieich\/wp-json\/wp\/v2\/media\/4730"}],"wp:attachment":[{"href":"https:\/\/dlb-aoer.de\/dreieich\/wp-json\/wp\/v2\/media?parent=3609"}],"curies":[{"name":"wp","href":"https:\/\/api.w.org\/{rel}","templated":true}]}}