{"id":2453,"date":"2022-03-14T08:02:21","date_gmt":"2022-03-14T07:02:21","guid":{"rendered":"https:\/\/dlb-aoer.de\/dreieich\/?page_id=2453"},"modified":"2026-04-30T14:27:39","modified_gmt":"2026-04-30T12:27:39","slug":"sauberhafter-kindertag","status":"publish","type":"page","link":"https:\/\/dlb-aoer.de\/dreieich\/strassen\/strassenreinigung\/sauberhafter-kindertag\/","title":{"rendered":"Sauberhafter Kindertag"},"content":{"rendered":"\t\t<div data-elementor-type=\"wp-post\" data-elementor-id=\"2453\" class=\"elementor elementor-2453\">\n\t\t\t\t\t\t\t\t\t<section class=\"elementor-section elementor-top-section elementor-element elementor-element-0a58828 elementor-section-stretched elementor-section-boxed elementor-section-height-default elementor-section-height-default\" data-id=\"0a58828\" data-element_type=\"section\" data-settings=\"{&quot;stretch_section&quot;:&quot;section-stretched&quot;}\">\n\t\t\t\t\t\t<div class=\"elementor-container elementor-column-gap-default\">\n\t\t\t\t\t<div class=\"elementor-column elementor-col-100 elementor-top-column elementor-element elementor-element-9744fd7\" data-id=\"9744fd7\" data-element_type=\"column\">\n\t\t\t<div class=\"elementor-widget-wrap elementor-element-populated\">\n\t\t\t\t\t\t\t\t<section class=\"elementor-section elementor-inner-section elementor-element elementor-element-bf74618 border-plus-margin elementor-section-boxed elementor-section-height-default elementor-section-height-default\" data-id=\"bf74618\" data-element_type=\"section\">\n\t\t\t\t\t\t<div class=\"elementor-container elementor-column-gap-default\">\n\t\t\t\t\t<div class=\"elementor-column elementor-col-100 elementor-inner-column elementor-element elementor-element-aa09925\" data-id=\"aa09925\" data-element_type=\"column\">\n\t\t\t<div class=\"elementor-widget-wrap elementor-element-populated\">\n\t\t\t\t\t\t\t\t<div class=\"elementor-element elementor-element-bc507b0 elementor-widget elementor-widget-heading\" data-id=\"bc507b0\" data-element_type=\"widget\" data-widget_type=\"heading.default\">\n\t\t\t\t<div class=\"elementor-widget-container\">\n\t\t\t<h2 class=\"elementor-heading-title elementor-size-default\">Am 05. Mai 2026 ist es wieder soweit!<\/h2>\t\t<\/div>\n\t\t\t\t<\/div>\n\t\t\t\t<div class=\"elementor-element elementor-element-45b336d elementor-widget elementor-widget-text-editor\" data-id=\"45b336d\" data-element_type=\"widget\" data-widget_type=\"text-editor.default\">\n\t\t\t\t<div class=\"elementor-widget-container\">\n\t\t\t\t\t\t\t<p>Der sauberhafte Kindertag ist eine Aktion der hessischen Umweltkampagne \u201e<a href=\"https:\/\/sauberhaftes-hessen.de\/\">Sauberhaftes Hessen<\/a>\u201c die im Jahr 2022 ihr 20. Jubil\u00e4um gefeiert hat. Ziel der Kampagne ist es, das Bewusstsein f\u00fcr eine intakte Umwelt, den Wert von Ressourcen und die Wichtigkeit von Abfallvermeidung zu sch\u00e4rfen.<\/p><p>Am sauberhaften Kindertag sammeln Kinder aus Kinderg\u00e4rten und Kindertagesst\u00e4tten in ganz Hessen achtlos weggeworfenen M\u00fcll. So erleben schon die Kleinsten aktiven Umweltschutz. Durch M\u00fcllsammelaktionen verstehen die Kinder schnell, dass achtlos weggeworfener M\u00fcll nicht gut f\u00fcr die Natur ist.<\/p>\t\t\t\t\t\t<\/div>\n\t\t\t\t<\/div>\n\t\t\t\t\t<\/div>\n\t\t<\/div>\n\t\t\t\t\t\t\t<\/div>\n\t\t<\/section>\n\t\t\t\t<section class=\"elementor-section elementor-inner-section elementor-element elementor-element-8b27c53 border-plus-margin elementor-section-boxed elementor-section-height-default elementor-section-height-default\" data-id=\"8b27c53\" data-element_type=\"section\">\n\t\t\t\t\t\t<div class=\"elementor-container elementor-column-gap-default\">\n\t\t\t\t\t<div class=\"elementor-column elementor-col-100 elementor-inner-column elementor-element elementor-element-cd4130b\" data-id=\"cd4130b\" data-element_type=\"column\">\n\t\t\t<div class=\"elementor-widget-wrap elementor-element-populated\">\n\t\t\t\t\t\t\t\t<div class=\"elementor-element elementor-element-5e1d4eb elementor-widget elementor-widget-heading\" data-id=\"5e1d4eb\" data-element_type=\"widget\" data-widget_type=\"heading.default\">\n\t\t\t\t<div class=\"elementor-widget-container\">\n\t\t\t<h3 class=\"elementor-heading-title elementor-size-default\">Machen Sie mit!<\/h3>\t\t<\/div>\n\t\t\t\t<\/div>\n\t\t\t\t<div class=\"elementor-element elementor-element-a2219c4 elementor-widget elementor-widget-text-editor\" data-id=\"a2219c4\" data-element_type=\"widget\" data-widget_type=\"text-editor.default\">\n\t\t\t\t<div class=\"elementor-widget-container\">\n\t\t\t\t\t\t\t<p>Die DLB Dreieich und Neu-Isenburg unterst\u00fctzt gern bei der Organisation der Sammelaktion. Wir stellen Materialien wie Zangen, Handschuhe und M\u00fclls\u00e4cke zur Verf\u00fcgung und k\u00fcmmern uns um die Entsorgung des gesammelten M\u00fclls!<\/p>\t\t\t\t\t\t<\/div>\n\t\t\t\t<\/div>\n\t\t\t\t<div class=\"elementor-element elementor-element-fb0656e elementor-widget elementor-widget-heading\" data-id=\"fb0656e\" data-element_type=\"widget\" data-widget_type=\"heading.default\">\n\t\t\t\t<div class=\"elementor-widget-container\">\n\t\t\t<h3 class=\"elementor-heading-title elementor-size-default\">Was m\u00fcssen Sie tun?<\/h3>\t\t<\/div>\n\t\t\t\t<\/div>\n\t\t\t\t<div class=\"elementor-element elementor-element-99ccc50 elementor-widget elementor-widget-text-editor\" data-id=\"99ccc50\" data-element_type=\"widget\" data-widget_type=\"text-editor.default\">\n\t\t\t\t<div class=\"elementor-widget-container\">\n\t\t\t\t\t\t\t<p>Melden Sie sich an! Die Anmeldung geht ganz schnell und einfach \u00fcber unser <a href=\"https:\/\/dlb-aoer.de\/dreieich\/strassen\/strassenreinigung\/anmeldung-muell-sammelaktion\/\">Online Formular<\/a> oder per <a href=\"mailto:kontakt@dlb-aoer.de\">Mail<\/a> oder telefonisch unter 06102-3702-0.<\/p><p>Weiterhin k\u00f6nnen Sie Ihre Aktion auf der Homepage &#8222;Sauberhaftes Hessen&#8220; registrieren. Dort gibt es Informationsmaterialien zur Aktion sowie Vorlagen f\u00fcr Elternbriefe und Einverst\u00e4ndniserkl\u00e4rungen.<\/p><p>Hier finden Sie das aktuelle Einladungsschreiben an die KiTas.<\/p>\t\t\t\t\t\t<\/div>\n\t\t\t\t<\/div>\n\t\t\t\t<div class=\"elementor-element elementor-element-99d2432 elementor-widget elementor-widget-heading\" data-id=\"99d2432\" data-element_type=\"widget\" data-widget_type=\"heading.default\">\n\t\t\t\t<div class=\"elementor-widget-container\">\n\t\t\t<h3 class=\"elementor-heading-title elementor-size-default\">Wir sind am 05. Mai dabei!<\/h3>\t\t<\/div>\n\t\t\t\t<\/div>\n\t\t\t\t<div class=\"elementor-element elementor-element-7af84d0 elementor-widget elementor-widget-text-editor\" data-id=\"7af84d0\" data-element_type=\"widget\" data-widget_type=\"text-editor.default\">\n\t\t\t\t<div class=\"elementor-widget-container\">\n\t\t\t\t\t\t\t<ul><li>Kita Gravenbruchstra\u00dfe<\/li><li>Ev. Kindertagesst\u00e4tte G\u00f6tzenhain<\/li><li>Kita Schulstra\u00dfe<\/li><li>Krippe Heckenborn<\/li><li>Kita R\u00fcckertsweg<\/li><li>Kita Birkenau<\/li><li>Hort Eisenbahnstra\u00dfe<\/li><li>Krippe Hegelstra\u00dfe <\/li><li>inderhaus Borngarten<\/li><li>Kita am Wilhelmshof<\/li><li>Waldkindergarten Dreieich e. Team Seegewann<\/li><li>Waldkindergarten Dreieich e. Team Reuterpfad<\/li><\/ul>\t\t\t\t\t\t<\/div>\n\t\t\t\t<\/div>\n\t\t\t\t\t<\/div>\n\t\t<\/div>\n\t\t\t\t\t\t\t<\/div>\n\t\t<\/section>\n\t\t\t\t<section class=\"elementor-section elementor-inner-section elementor-element elementor-element-234dfc3 border-plus-margin elementor-section-boxed elementor-section-height-default elementor-section-height-default\" data-id=\"234dfc3\" data-element_type=\"section\">\n\t\t\t\t\t\t<div class=\"elementor-container elementor-column-gap-default\">\n\t\t\t\t\t<div class=\"elementor-column elementor-col-50 elementor-inner-column elementor-element elementor-element-20d72da\" data-id=\"20d72da\" data-element_type=\"column\">\n\t\t\t<div class=\"elementor-widget-wrap elementor-element-populated\">\n\t\t\t\t\t\t\t\t<div class=\"elementor-element elementor-element-21a8f93 elementor-widget elementor-widget-heading\" data-id=\"21a8f93\" data-element_type=\"widget\" data-widget_type=\"heading.default\">\n\t\t\t\t<div class=\"elementor-widget-container\">\n\t\t\t<h3 class=\"elementor-heading-title elementor-size-default\">Das war der sauberhafte Kindertag 2025!<\/h3>\t\t<\/div>\n\t\t\t\t<\/div>\n\t\t\t\t<div class=\"elementor-element elementor-element-6af85be elementor-widget elementor-widget-text-editor\" data-id=\"6af85be\" data-element_type=\"widget\" data-widget_type=\"text-editor.default\">\n\t\t\t\t<div class=\"elementor-widget-container\">\n\t\t\t\t\t\t\t<p>Die DLB Dreieich und Neu-Isenburg A\u00f6R hat gern bei der Organisation der Sammelaktion unterst\u00fctzt. Wir\u00a0 haben Materialien wie Zangen, Handschuhe und M\u00fclls\u00e4cke zur Verf\u00fcgung gestellt und\u00a0 uns um die Entsorgung des gesammelten M\u00fclls gek\u00fcmmert!<\/p><p>In Dreieich waren neun KiTas und eine Schule mit insgesamt ca. 200 Kindern unterwegs. Die Kinder waren hochmotiviert und sind ausger\u00fcstet mit Handschuhen und M\u00fcllzangen auf die Jagd nach M\u00fcll gegangen.<\/p><p>Wir bedanken uns bei allen KiTas f\u00fcr die Teilnahme!<\/p>\t\t\t\t\t\t<\/div>\n\t\t\t\t<\/div>\n\t\t\t\t<div class=\"elementor-element elementor-element-a32bedb elementor-widget elementor-widget-heading\" data-id=\"a32bedb\" data-element_type=\"widget\" data-widget_type=\"heading.default\">\n\t\t\t\t<div class=\"elementor-widget-container\">\n\t\t\t<h3 class=\"elementor-heading-title elementor-size-default\">Wir waren dabei - Teilnehmerliste Mai 2025<\/h3>\t\t<\/div>\n\t\t\t\t<\/div>\n\t\t\t\t<div class=\"elementor-element elementor-element-775936d elementor-widget elementor-widget-text-editor\" data-id=\"775936d\" data-element_type=\"widget\" data-widget_type=\"text-editor.default\">\n\t\t\t\t<div class=\"elementor-widget-container\">\n\t\t\t\t\t\t\t<ul><li>Kita R\u00fcckertsweg mit 10 Kindern<\/li><li>ev. Kita G\u00f6tzenhain mit 15 Kindern<\/li><li>Waldkindergarten Dreieich e.V. mit 38 Kindern<\/li><li>Kita Birkenau mit 15 Kindern<\/li><li>Kita Gravenbruchstra\u00dfe mit 20 Kindern<\/li><li>Kita Kurt-Schumacher-Ring mit 80 Kindern<\/li><li>Kita Friedhofstra\u00dfe mit 20 Kindern<\/li><li>Krippe Hegelstra\u00dfe mit 6 Kindern<\/li><li>Kita Schulstra\u00dfe mit 14 Kindern<\/li><\/ul>\t\t\t\t\t\t<\/div>\n\t\t\t\t<\/div>\n\t\t\t\t\t<\/div>\n\t\t<\/div>\n\t\t\t\t<div class=\"elementor-column elementor-col-50 elementor-inner-column elementor-element elementor-element-1e0c319\" data-id=\"1e0c319\" data-element_type=\"column\">\n\t\t\t<div class=\"elementor-widget-wrap elementor-element-populated\">\n\t\t\t\t\t\t\t\t<div class=\"elementor-element elementor-element-d26fd68 elementor-widget elementor-widget-image\" data-id=\"d26fd68\" data-element_type=\"widget\" data-widget_type=\"image.default\">\n\t\t\t\t<div class=\"elementor-widget-container\">\n\t\t\t\t\t\t\t\t\t\t\t\t\t\t\t\t<a href=\"https:\/\/dlb-aoer.de\/dreieich\/wp-content\/uploads\/sites\/4\/2025\/07\/1a-20250506_102933-scaled.jpg\" data-elementor-open-lightbox=\"yes\" data-elementor-lightbox-title=\"sauberhafter Kindertag\" data-e-action-hash=\"#elementor-action%3Aaction%3Dlightbox%26settings%3DeyJpZCI6NDc0MywidXJsIjoiaHR0cHM6XC9cL2RsYi1hb2VyLmRlXC9kcmVpZWljaFwvd3AtY29udGVudFwvdXBsb2Fkc1wvc2l0ZXNcLzRcLzIwMjVcLzA3XC8xYS0yMDI1MDUwNl8xMDI5MzMtc2NhbGVkLmpwZyJ9\">\n\t\t\t\t\t\t\t<img loading=\"lazy\" decoding=\"async\" width=\"1024\" height=\"768\" src=\"https:\/\/dlb-aoer.de\/dreieich\/wp-content\/uploads\/sites\/4\/2025\/07\/1a-20250506_102933-1024x768.jpg\" class=\"attachment-large size-large wp-image-4743\" alt=\"Gruppenbild Kita Kurt-Schumacher-Ring gemeinsam mit Lutz van Putz.\" srcset=\"https:\/\/dlb-aoer.de\/dreieich\/wp-content\/uploads\/sites\/4\/2025\/07\/1a-20250506_102933-1024x768.jpg 1024w, https:\/\/dlb-aoer.de\/dreieich\/wp-content\/uploads\/sites\/4\/2025\/07\/1a-20250506_102933-300x225.jpg 300w, https:\/\/dlb-aoer.de\/dreieich\/wp-content\/uploads\/sites\/4\/2025\/07\/1a-20250506_102933-768x576.jpg 768w, https:\/\/dlb-aoer.de\/dreieich\/wp-content\/uploads\/sites\/4\/2025\/07\/1a-20250506_102933-1536x1152.jpg 1536w, https:\/\/dlb-aoer.de\/dreieich\/wp-content\/uploads\/sites\/4\/2025\/07\/1a-20250506_102933-2048x1536.jpg 2048w, https:\/\/dlb-aoer.de\/dreieich\/wp-content\/uploads\/sites\/4\/2025\/07\/1a-20250506_102933-1000x750.jpg 1000w, https:\/\/dlb-aoer.de\/dreieich\/wp-content\/uploads\/sites\/4\/2025\/07\/1a-20250506_102933-230x173.jpg 230w, https:\/\/dlb-aoer.de\/dreieich\/wp-content\/uploads\/sites\/4\/2025\/07\/1a-20250506_102933-350x263.jpg 350w, https:\/\/dlb-aoer.de\/dreieich\/wp-content\/uploads\/sites\/4\/2025\/07\/1a-20250506_102933-480x360.jpg 480w\" sizes=\"auto, (max-width: 1024px) 100vw, 1024px\" \/>\t\t\t\t\t\t\t\t<\/a>\n\t\t\t\t\t\t\t\t\t\t\t\t\t\t\t<\/div>\n\t\t\t\t<\/div>\n\t\t\t\t<div class=\"elementor-element elementor-element-a58ccf2 elementor-widget elementor-widget-image\" data-id=\"a58ccf2\" data-element_type=\"widget\" data-widget_type=\"image.default\">\n\t\t\t\t<div class=\"elementor-widget-container\">\n\t\t\t\t\t\t\t\t\t\t\t\t\t\t\t<img loading=\"lazy\" decoding=\"async\" width=\"768\" height=\"1024\" src=\"https:\/\/dlb-aoer.de\/dreieich\/wp-content\/uploads\/sites\/4\/2025\/07\/1a20250506_103037-768x1024.jpg\" class=\"attachment-large size-large wp-image-4742\" alt=\"Gruppe von Kindern geht mit Lutz van Putz die Stra\u00dfen entlang.\" srcset=\"https:\/\/dlb-aoer.de\/dreieich\/wp-content\/uploads\/sites\/4\/2025\/07\/1a20250506_103037-768x1024.jpg 768w, https:\/\/dlb-aoer.de\/dreieich\/wp-content\/uploads\/sites\/4\/2025\/07\/1a20250506_103037-225x300.jpg 225w, https:\/\/dlb-aoer.de\/dreieich\/wp-content\/uploads\/sites\/4\/2025\/07\/1a20250506_103037-1152x1536.jpg 1152w, https:\/\/dlb-aoer.de\/dreieich\/wp-content\/uploads\/sites\/4\/2025\/07\/1a20250506_103037-1536x2048.jpg 1536w, https:\/\/dlb-aoer.de\/dreieich\/wp-content\/uploads\/sites\/4\/2025\/07\/1a20250506_103037-1000x1333.jpg 1000w, https:\/\/dlb-aoer.de\/dreieich\/wp-content\/uploads\/sites\/4\/2025\/07\/1a20250506_103037-230x307.jpg 230w, https:\/\/dlb-aoer.de\/dreieich\/wp-content\/uploads\/sites\/4\/2025\/07\/1a20250506_103037-350x467.jpg 350w, https:\/\/dlb-aoer.de\/dreieich\/wp-content\/uploads\/sites\/4\/2025\/07\/1a20250506_103037-480x640.jpg 480w, https:\/\/dlb-aoer.de\/dreieich\/wp-content\/uploads\/sites\/4\/2025\/07\/1a20250506_103037-scaled.jpg 1920w\" sizes=\"auto, (max-width: 768px) 100vw, 768px\" \/>\t\t\t\t\t\t\t\t\t\t\t\t\t\t\t<\/div>\n\t\t\t\t<\/div>\n\t\t\t\t\t<\/div>\n\t\t<\/div>\n\t\t\t\t\t\t\t<\/div>\n\t\t<\/section>\n\t\t\t\t\t<\/div>\n\t\t<\/div>\n\t\t\t\t\t\t\t<\/div>\n\t\t<\/section>\n\t\t\t\t\t\t\t<\/div>\n\t\t","protected":false},"excerpt":{"rendered":"<p>Am 05. Mai 2026 ist es wieder soweit! Der sauberhafte Kindertag ist eine Aktion der hessischen Umweltkampagne \u201eSauberhaftes Hessen\u201c die im Jahr [&hellip;]<\/p>\n","protected":false},"author":2,"featured_media":3352,"parent":323,"menu_order":4,"comment_status":"closed","ping_status":"closed","template":"","meta":{"inline_featured_image":false,"footnotes":"","_links_to":"","_links_to_target":""},"class_list":["post-2453","page","type-page","status-publish","has-post-thumbnail","hentry"],"yoast_head":"<!-- This site is optimized with the Yoast SEO plugin v21.6 - https:\/\/yoast.com\/wordpress\/plugins\/seo\/ -->\n<title>Sauberhafter Kindertag - DLB Dreieich<\/title>\n<meta name=\"robots\" content=\"index, follow, max-snippet:-1, max-image-preview:large, max-video-preview:-1\" \/>\n<link rel=\"canonical\" href=\"https:\/\/dlb-aoer.de\/dreieich\/strassen\/strassenreinigung\/sauberhafter-kindertag\/\" \/>\n<meta property=\"og:locale\" content=\"de_DE\" \/>\n<meta property=\"og:type\" content=\"article\" \/>\n<meta property=\"og:title\" content=\"Sauberhafter Kindertag - DLB Dreieich\" \/>\n<meta property=\"og:description\" content=\"Am 05. Mai 2026 ist es wieder soweit! Der sauberhafte Kindertag ist eine Aktion der hessischen Umweltkampagne \u201eSauberhaftes Hessen\u201c die im Jahr [&hellip;]\" \/>\n<meta property=\"og:url\" content=\"https:\/\/dlb-aoer.de\/dreieich\/strassen\/strassenreinigung\/sauberhafter-kindertag\/\" \/>\n<meta property=\"og:site_name\" content=\"DLB Dreieich\" \/>\n<meta property=\"article:modified_time\" content=\"2026-04-30T12:27:39+00:00\" \/>\n<meta property=\"og:image\" content=\"https:\/\/dlb-aoer.de\/dreieich\/wp-content\/uploads\/sites\/4\/2023\/03\/Plakat-sauberhafter-Kindertag.jpg\" \/>\n\t<meta property=\"og:image:width\" content=\"1008\" \/>\n\t<meta property=\"og:image:height\" content=\"1344\" \/>\n\t<meta property=\"og:image:type\" content=\"image\/jpeg\" \/>\n<meta name=\"twitter:card\" content=\"summary_large_image\" \/>\n<meta name=\"twitter:label1\" content=\"Gesch\u00e4tzte Lesezeit\" \/>\n\t<meta name=\"twitter:data1\" content=\"3\u00a0Minuten\" \/>\n<script type=\"application\/ld+json\" class=\"yoast-schema-graph\">{\"@context\":\"https:\/\/schema.org\",\"@graph\":[{\"@type\":\"WebPage\",\"@id\":\"https:\/\/dlb-aoer.de\/dreieich\/strassen\/strassenreinigung\/sauberhafter-kindertag\/\",\"url\":\"https:\/\/dlb-aoer.de\/dreieich\/strassen\/strassenreinigung\/sauberhafter-kindertag\/\",\"name\":\"Sauberhafter Kindertag - DLB Dreieich\",\"isPartOf\":{\"@id\":\"https:\/\/dlb-aoer.de\/dreieich\/#website\"},\"datePublished\":\"2022-03-14T07:02:21+00:00\",\"dateModified\":\"2026-04-30T12:27:39+00:00\",\"breadcrumb\":{\"@id\":\"https:\/\/dlb-aoer.de\/dreieich\/strassen\/strassenreinigung\/sauberhafter-kindertag\/#breadcrumb\"},\"inLanguage\":\"de\",\"potentialAction\":[{\"@type\":\"ReadAction\",\"target\":[\"https:\/\/dlb-aoer.de\/dreieich\/strassen\/strassenreinigung\/sauberhafter-kindertag\/\"]}]},{\"@type\":\"BreadcrumbList\",\"@id\":\"https:\/\/dlb-aoer.de\/dreieich\/strassen\/strassenreinigung\/sauberhafter-kindertag\/#breadcrumb\",\"itemListElement\":[{\"@type\":\"ListItem\",\"position\":1,\"name\":\"Startseite\",\"item\":\"https:\/\/dlb-aoer.de\/dreieich\/\"},{\"@type\":\"ListItem\",\"position\":2,\"name\":\"Stra\u00dfen\",\"item\":\"https:\/\/dlb-aoer.de\/dreieich\/strassen\/\"},{\"@type\":\"ListItem\",\"position\":3,\"name\":\"Stra\u00dfenreinigung\",\"item\":\"https:\/\/dlb-aoer.de\/dreieich\/strassen\/strassenreinigung\/\"},{\"@type\":\"ListItem\",\"position\":4,\"name\":\"Sauberhafter Kindertag\"}]},{\"@type\":\"WebSite\",\"@id\":\"https:\/\/dlb-aoer.de\/dreieich\/#website\",\"url\":\"https:\/\/dlb-aoer.de\/dreieich\/\",\"name\":\"DLB Dreieich\",\"description\":\"\",\"publisher\":{\"@id\":\"https:\/\/dlb-aoer.de\/dreieich\/#organization\"},\"potentialAction\":[{\"@type\":\"SearchAction\",\"target\":{\"@type\":\"EntryPoint\",\"urlTemplate\":\"https:\/\/dlb-aoer.de\/dreieich\/?s={search_term_string}\"},\"query-input\":\"required name=search_term_string\"}],\"inLanguage\":\"de\"},{\"@type\":\"Organization\",\"@id\":\"https:\/\/dlb-aoer.de\/dreieich\/#organization\",\"name\":\"Dienstleistungsbetrieb Dreieich und Neu-Isenburg A\u00f6R\",\"url\":\"https:\/\/dlb-aoer.de\/dreieich\/\",\"logo\":{\"@type\":\"ImageObject\",\"inLanguage\":\"de\",\"@id\":\"https:\/\/dlb-aoer.de\/dreieich\/#\/schema\/logo\/image\/\",\"url\":\"https:\/\/dlb-aoer.de\/dreieich\/wp-content\/uploads\/sites\/4\/2019\/10\/DLB_Logo_orange.svg\",\"contentUrl\":\"https:\/\/dlb-aoer.de\/dreieich\/wp-content\/uploads\/sites\/4\/2019\/10\/DLB_Logo_orange.svg\",\"width\":1,\"height\":1,\"caption\":\"Dienstleistungsbetrieb Dreieich und Neu-Isenburg A\u00f6R\"},\"image\":{\"@id\":\"https:\/\/dlb-aoer.de\/dreieich\/#\/schema\/logo\/image\/\"}}]}<\/script>\n<!-- \/ Yoast SEO plugin. -->","yoast_head_json":{"title":"Sauberhafter Kindertag - DLB Dreieich","robots":{"index":"index","follow":"follow","max-snippet":"max-snippet:-1","max-image-preview":"max-image-preview:large","max-video-preview":"max-video-preview:-1"},"canonical":"https:\/\/dlb-aoer.de\/dreieich\/strassen\/strassenreinigung\/sauberhafter-kindertag\/","og_locale":"de_DE","og_type":"article","og_title":"Sauberhafter Kindertag - DLB Dreieich","og_description":"Am 05. Mai 2026 ist es wieder soweit! Der sauberhafte Kindertag ist eine Aktion der hessischen Umweltkampagne \u201eSauberhaftes Hessen\u201c die im Jahr [&hellip;]","og_url":"https:\/\/dlb-aoer.de\/dreieich\/strassen\/strassenreinigung\/sauberhafter-kindertag\/","og_site_name":"DLB Dreieich","article_modified_time":"2026-04-30T12:27:39+00:00","og_image":[{"width":1008,"height":1344,"url":"https:\/\/dlb-aoer.de\/dreieich\/wp-content\/uploads\/sites\/4\/2023\/03\/Plakat-sauberhafter-Kindertag.jpg","type":"image\/jpeg"}],"twitter_card":"summary_large_image","twitter_misc":{"Gesch\u00e4tzte Lesezeit":"3\u00a0Minuten"},"schema":{"@context":"https:\/\/schema.org","@graph":[{"@type":"WebPage","@id":"https:\/\/dlb-aoer.de\/dreieich\/strassen\/strassenreinigung\/sauberhafter-kindertag\/","url":"https:\/\/dlb-aoer.de\/dreieich\/strassen\/strassenreinigung\/sauberhafter-kindertag\/","name":"Sauberhafter Kindertag - DLB Dreieich","isPartOf":{"@id":"https:\/\/dlb-aoer.de\/dreieich\/#website"},"datePublished":"2022-03-14T07:02:21+00:00","dateModified":"2026-04-30T12:27:39+00:00","breadcrumb":{"@id":"https:\/\/dlb-aoer.de\/dreieich\/strassen\/strassenreinigung\/sauberhafter-kindertag\/#breadcrumb"},"inLanguage":"de","potentialAction":[{"@type":"ReadAction","target":["https:\/\/dlb-aoer.de\/dreieich\/strassen\/strassenreinigung\/sauberhafter-kindertag\/"]}]},{"@type":"BreadcrumbList","@id":"https:\/\/dlb-aoer.de\/dreieich\/strassen\/strassenreinigung\/sauberhafter-kindertag\/#breadcrumb","itemListElement":[{"@type":"ListItem","position":1,"name":"Startseite","item":"https:\/\/dlb-aoer.de\/dreieich\/"},{"@type":"ListItem","position":2,"name":"Stra\u00dfen","item":"https:\/\/dlb-aoer.de\/dreieich\/strassen\/"},{"@type":"ListItem","position":3,"name":"Stra\u00dfenreinigung","item":"https:\/\/dlb-aoer.de\/dreieich\/strassen\/strassenreinigung\/"},{"@type":"ListItem","position":4,"name":"Sauberhafter Kindertag"}]},{"@type":"WebSite","@id":"https:\/\/dlb-aoer.de\/dreieich\/#website","url":"https:\/\/dlb-aoer.de\/dreieich\/","name":"DLB Dreieich","description":"","publisher":{"@id":"https:\/\/dlb-aoer.de\/dreieich\/#organization"},"potentialAction":[{"@type":"SearchAction","target":{"@type":"EntryPoint","urlTemplate":"https:\/\/dlb-aoer.de\/dreieich\/?s={search_term_string}"},"query-input":"required name=search_term_string"}],"inLanguage":"de"},{"@type":"Organization","@id":"https:\/\/dlb-aoer.de\/dreieich\/#organization","name":"Dienstleistungsbetrieb Dreieich und Neu-Isenburg A\u00f6R","url":"https:\/\/dlb-aoer.de\/dreieich\/","logo":{"@type":"ImageObject","inLanguage":"de","@id":"https:\/\/dlb-aoer.de\/dreieich\/#\/schema\/logo\/image\/","url":"https:\/\/dlb-aoer.de\/dreieich\/wp-content\/uploads\/sites\/4\/2019\/10\/DLB_Logo_orange.svg","contentUrl":"https:\/\/dlb-aoer.de\/dreieich\/wp-content\/uploads\/sites\/4\/2019\/10\/DLB_Logo_orange.svg","width":1,"height":1,"caption":"Dienstleistungsbetrieb Dreieich und Neu-Isenburg A\u00f6R"},"image":{"@id":"https:\/\/dlb-aoer.de\/dreieich\/#\/schema\/logo\/image\/"}}]}},"_links":{"self":[{"href":"https:\/\/dlb-aoer.de\/dreieich\/wp-json\/wp\/v2\/pages\/2453","targetHints":{"allow":["GET"]}}],"collection":[{"href":"https:\/\/dlb-aoer.de\/dreieich\/wp-json\/wp\/v2\/pages"}],"about":[{"href":"https:\/\/dlb-aoer.de\/dreieich\/wp-json\/wp\/v2\/types\/page"}],"author":[{"embeddable":true,"href":"https:\/\/dlb-aoer.de\/dreieich\/wp-json\/wp\/v2\/users\/2"}],"replies":[{"embeddable":true,"href":"https:\/\/dlb-aoer.de\/dreieich\/wp-json\/wp\/v2\/comments?post=2453"}],"version-history":[{"count":99,"href":"https:\/\/dlb-aoer.de\/dreieich\/wp-json\/wp\/v2\/pages\/2453\/revisions"}],"predecessor-version":[{"id":5138,"href":"https:\/\/dlb-aoer.de\/dreieich\/wp-json\/wp\/v2\/pages\/2453\/revisions\/5138"}],"up":[{"embeddable":true,"href":"https:\/\/dlb-aoer.de\/dreieich\/wp-json\/wp\/v2\/pages\/323"}],"wp:featuredmedia":[{"embeddable":true,"href":"https:\/\/dlb-aoer.de\/dreieich\/wp-json\/wp\/v2\/media\/3352"}],"wp:attachment":[{"href":"https:\/\/dlb-aoer.de\/dreieich\/wp-json\/wp\/v2\/media?parent=2453"}],"curies":[{"name":"wp","href":"https:\/\/api.w.org\/{rel}","templated":true}]}}